{"id":13400,"date":"2023-08-21T10:34:18","date_gmt":"2023-08-21T08:34:18","guid":{"rendered":"https:\/\/iro.pk.edu.pl\/?page_id=13400"},"modified":"2026-04-24T08:21:28","modified_gmt":"2026-04-24T06:21:28","slug":"studia-drugiego-stopnia","status":"publish","type":"page","link":"https:\/\/iro.pk.edu.pl\/pl\/studia-pelne-inzynierskie-i-magisterskie-w-roku-akademickim-2023-2024\/studia-drugiego-stopnia\/","title":{"rendered":"STUDIA DRUGIEGO STOPNIA"},"content":{"rendered":"\n<div class=\"wp-block-columns is-layout-flex wp-container-core-columns-is-layout-28f84493 wp-block-columns-is-layout-flex\">\n<div class=\"wp-block-column is-layout-flow wp-block-column-is-layout-flow\" style=\"flex-basis:80%\">\n<p>W razie szczeg\u00f3\u0142owych pyta\u0144 prosz\u0119 si\u0119 skontaktowa\u0107 z osob\u0105 odpowiedzialn\u0105 za rekrutacj\u0119 na poszczeg\u00f3lne wydzia\u0142y:<\/p>\n\n\n\n<p><strong>Magdalena Baran&nbsp;<\/strong><a href=\"mailto:magdalena.baran@pk.edu.pl\">magdalena.baran@pk.edu.pl<\/a> +48 12 628 30 44 &nbsp;&#8211; kandydaci zainteresowani podj\u0119ciem studi\u00f3w na nast\u0119puj\u0105cych wydzia\u0142ach PK:&nbsp;Wydzia\u0142 Architektury, Wydzia\u0142 In\u017cynierii Elektrycznej i Komputerowej, Wydzia\u0142 In\u017cynierii i Technologii Chemicznej oraz Wydzia\u0142 Mechaniczny;<br><br><strong>Ms. Justyna Bobek&nbsp;<\/strong><a href=\"mailto:justyna.bobek@pk.edu.pl\" data-type=\"mailto\" data-id=\"mailto:justyna.bobek@pk.edu.pl\">justyna.bobek@pk.edu.pl<\/a> tel. +48 12 628 20 09 &#8211; kandydaci zainteresowani podj\u0119ciem studi\u00f3w na nast\u0119puj\u0105cych wydzia\u0142ach PK: Wydzia\u0142 In\u017cynierii L\u0105dowej, Wydzia\u0142 In\u017cynierii Materia\u0142owej i Fizyki, Wydzia\u0142 Informatyki i Matematyki oraz Wydzia\u0142 In\u017cynierii \u015arodowiska i Energetyki.<\/p>\n\n\n\n<figure class=\"wp-block-image aligncenter size-full is-resized\"><img decoding=\"async\" src=\"https:\/\/iro.pk.edu.pl\/wp-content\/uploads\/2023\/08\/rodentia-icons_flag-pl.png\" alt=\"\" style=\"width:125px;height:81px\"\/><\/figure>\n\n\n\n<p>OFERTA STUDI\u00d3W II STOPNIA W J\u0118ZYKU POLSKIM<\/p>\n\n\n<div class=\"wp-block-ub-content-toggle wp-block-ub-content-toggle-block\" id=\"ub-content-toggle-block-0d98bad0-15cd-4e65-bfbf-118e2c6491d1\" data-mobilecollapse=\"false\" data-desktopcollapse=\"true\" data-preventcollapse=\"false\" data-showonlyone=\"false\">\n<div class=\"wp-block-ub-content-toggle-accordion\" style=\"border-color: #f1f1f1; \" id=\"ub-content-toggle-panel-block-\">\n\t\t\t<div class=\"wp-block-ub-content-toggle-accordion-title-wrap\" style=\"background-color: #f1f1f1;\" aria-controls=\"ub-content-toggle-panel-0-0d98bad0-15cd-4e65-bfbf-118e2c6491d1\" tabindex=\"0\">\n\t\t\t<p class=\"wp-block-ub-content-toggle-accordion-title ub-content-toggle-title-0d98bad0-15cd-4e65-bfbf-118e2c6491d1\" style=\"color: #000000; \">Wydzia\u0142 Architektury<\/p>\n\t\t\t<div class=\"wp-block-ub-content-toggle-accordion-toggle-wrap right\" style=\"color: #000000;\"><span class=\"wp-block-ub-content-toggle-accordion-state-indicator wp-block-ub-chevron-down\"><\/span><\/div>\n\t\t<\/div>\n\t\t\t<div role=\"region\" aria-expanded=\"false\" class=\"wp-block-ub-content-toggle-accordion-content-wrap ub-hide\" id=\"ub-content-toggle-panel-0-0d98bad0-15cd-4e65-bfbf-118e2c6491d1\">\n\n<p class=\"has-ast-global-color-5-background-color has-background\" style=\"border-width:1px\">Kandydaci na studia drugiego stopnia na kierunku Architektura, <strong><mark style=\"background-color:rgba(0, 0, 0, 0);color:#cf2e2e\" class=\"has-inline-color\">musz\u0105 posiada\u0107 dyplom uko\u0144czenia studi\u00f3w pierwszego stopnia <\/mark><\/strong>na kierunku Architektura. <br><br>Kandydaci na studia drugiego stopnia na kierunku Architektura krajobrazu, <strong><mark style=\"background-color:rgba(0, 0, 0, 0);color:#cf2e2e\" class=\"has-inline-color\">musz\u0105 posiada\u0107 dyplom uko\u0144czenia studi\u00f3w pierwszego stopnia<\/mark> <\/strong>na kierunku Architektura, Architektura krajobrazu lub Gospodarka przestrzenna.<\/p>\n\n\n\n<figure class=\"wp-block-table\"><table><thead><tr><th>Studia stacjonarne<\/th><th>Studia niestacjonarne<\/th><\/tr><\/thead><tbody><tr><td>Architektura &#8211; brak specjalno\u015bci &#8211; studia II stopnia 1,5 &#8211; roczne<\/td><td>Architektura &#8211; brak specjalno\u015bci &#8211; studia II stopnia 1,5-roczne<\/td><\/tr><tr><td>Architektura krajobrazu &#8211; brak specjalno\u015bci &#8211; studia II stopnia 1,5-roczne<\/td><td>&#8211;<\/td><\/tr><\/tbody><\/table><\/figure>\n\n\n\n<ul class=\"wp-block-list\">\n<li><strong>ARCHITEKTURA<\/strong><\/li>\n<\/ul>\n\n\n\n<p>Kierunek Architektura oferuje szerokie wykszta\u0142cenie og\u00f3lne, artystyczne i techniczne. Kszta\u0142tuje umiej\u0119tno\u015bci projektowe oraz kompetencje spo\u0142eczne w 4 podstawowych blokach: architektury, urbanistyki, planowania przestrzennego oraz ochrony i konserwacji zabytk\u00f3w, wszystkie z uwzgl\u0119dnieniem zagadnie\u0144 kszta\u0142towania krajobrazu. Program studi\u00f3w kierunku Architektura zapewnia wykszta\u0142cenie wysokiej klasy specjalist\u00f3w do wykonywania zawodu zaufania spo\u0142ecznego, rozumiej\u0105cych znaczenie warto\u015bci kulturowych w globalizuj\u0105cym si\u0119 \u015bwiecie, otwartych na permanentne poszerzanie swojej wiedzy i umiej\u0119tno\u015bci praktycznych, kieruj\u0105cych si\u0119 uniwersalnymi zasadami etyki w realizacji potrzeb jednostek i grup spo\u0142ecznych.<br>Kierunek Architektura prowadzony na Wydziale Architektury PK jest notyfikowany przez Komisj\u0119 Europejsk\u0105. Oznacza to, \u017ce dyplomy uko\u0144czenia studi\u00f3w na tym kierunku s\u0105 uznawane w ca\u0142ej Unii Europejskiej.<br>Absolwenci kierunku Architektura otrzymuj\u0105 r\u00f3wnie\u017c dyplom Royal Institute of British Architects, daj\u0105cy podstawy do wykonywania zawodu architekta na ca\u0142ym \u015bwiecie.<\/p>\n\n\n\n<ul class=\"wp-block-list\">\n<li><strong>ARCHITEKTURA KRAJOBRAZU<\/strong><\/li>\n<\/ul>\n\n\n\n<p>Kierunek \u00a0Architektura Krajobrazu na\u00a0II stopniu trwa 3 semestry. Kierunek Architektura Krajobrazu jest pierwszym w\u00a0kraju posiadaj\u0105cym akredytacj\u0119 IFLA Europe \u2013 International Federation of Landscape Architects.<br>Studia oferuj\u0105 szerokie wykszta\u0142cenie z\u00a0zakresu nauk przyrodniczych, rolniczych, technicznych, spo\u0142ecznych i\u00a0sztuk pi\u0119knych oraz\u00a0umiej\u0119tno\u015bci wykorzystania jej w\u00a0pracy zawodowej z\u00a0zachowaniem zasad prawnych i\u00a0etycznych. Program studi\u00f3w na\u00a0tym kierunku g\u0142\u00f3wny nacisk k\u0142adzie na\u00a0umiej\u0119tno\u015b\u0107 projektowania krajobrazu w\u00a0r\u00f3\u017cnych skalach, od\u00a0detalu, poprzez ogr\u00f3d, plac czy\u00a0park publiczny do\u00a0skali planistycznej.\u00a0 Istotne s\u0105 tak\u017ce umiej\u0119tno\u015bci pos\u0142ugiwania si\u0119 nowymi technologiami, umiej\u0119tno\u015b\u0107 komunikacji spo\u0142ecznej, do\u015bwiadczenia partycypacyjne, czy\u00a0znajomo\u015b\u0107 najnowszych nurt\u00f3w w\u00a0projektowaniu: takich m.in.\u00a0jak inteligentny rozw\u00f3j, zielona infrastruktura, us\u0142ugi ekosystem\u00f3w, czy\u00a0recykling przestrzeni.<\/p>\n\n\n\n<div class=\"wp-block-uagb-image aligncenter uagb-block-ce63cbd1 wp-block-uagb-image--layout-default wp-block-uagb-image--effect-static wp-block-uagb-image--align-center\"><figure class=\"wp-block-uagb-image__figure\"><img decoding=\"async\" srcset=\"https:\/\/iro.pk.edu.pl\/wp-content\/uploads\/2023\/06\/loga-wydzialowe.svg \" sizes=\"auto, (max-width: 480px) 150px\" src=\"https:\/\/iro.pk.edu.pl\/wp-content\/uploads\/2023\/06\/loga-wydzialowe.svg\" alt=\"\" class=\"uag-image-858\" width=\"84\" height=\"84\" title=\"\" loading=\"lazy\" role=\"img\"><\/figure><\/div>\n\n<\/div>\n\t\t<\/div>\n\n<div class=\"wp-block-ub-content-toggle-accordion\" style=\"border-color: #f1f1f1; \" id=\"ub-content-toggle-panel-block-\">\n\t\t\t<div class=\"wp-block-ub-content-toggle-accordion-title-wrap\" style=\"background-color: #f1f1f1;\" aria-controls=\"ub-content-toggle-panel-1-0d98bad0-15cd-4e65-bfbf-118e2c6491d1\" tabindex=\"0\">\n\t\t\t<p class=\"wp-block-ub-content-toggle-accordion-title ub-content-toggle-title-0d98bad0-15cd-4e65-bfbf-118e2c6491d1\" style=\"color: #000000; \">Wydzia\u0142 Informatyki i Matematyki<\/p>\n\t\t\t<div class=\"wp-block-ub-content-toggle-accordion-toggle-wrap right\" style=\"color: #000000;\"><span class=\"wp-block-ub-content-toggle-accordion-state-indicator wp-block-ub-chevron-down\"><\/span><\/div>\n\t\t<\/div>\n\t\t\t<div role=\"region\" aria-expanded=\"false\" class=\"wp-block-ub-content-toggle-accordion-content-wrap ub-hide\" id=\"ub-content-toggle-panel-1-0d98bad0-15cd-4e65-bfbf-118e2c6491d1\">\n\n<figure class=\"wp-block-table\"><table><thead><tr><th>Studia stacjonarne<\/th><th>Studia niestacjonarne<\/th><\/tr><\/thead><tbody><tr><td>Informatyka &#8211; specjalno\u015bci: data science, cyberbezpiecze\u0144stwo, systemy inteligentne i rozszerzona rzeczywisto\u015b\u0107 &#8211; studia II stopnia 1,5-roczne<\/td><td>Informatyka &#8211; specjalno\u015bci: data science, cyberbezpiecze\u0144stwo, systemy inteligentne i rozszerzona rzeczywisto\u015b\u0107 &#8211; studia II stopnia 2-letnie<\/td><\/tr><tr><td>Matematyka &#8211; specjalno\u015bci: matematyka w finansach i ekonomii, modelowanie matematyczne &#8211; studia II stopnia 2-letnie<\/td><td><\/td><\/tr><tr><td>Matematyka stosowana &#8211; specjalno\u015bci: analityka danych, matematyka w finansach i ekonomii &#8211; studia II stopnia 2-letnie<\/td><td><\/td><\/tr><\/tbody><\/table><\/figure>\n\n\n\n<ul class=\"wp-block-list\">\n<li><strong>INFORMATYKA<\/strong><\/li>\n<\/ul>\n\n\n\n<p>Studia na kierunku Informatyka przygotowuj\u0105 absolwent\u00f3w do pracy w szeroko poj\u0119tej bran\u017cy IT. Dzieje si\u0119 tak za spraw\u0105 dopasowania standard\u00f3w nauczania do oczekiwa\u0144 rynku pracy. Kszta\u0142cenie umiej\u0119tno\u015bci w\u0142asnego rozwoju zapewnia studentom otwarto\u015b\u0107 na nowe technologie informatyczne. Studia drugiego stopnia na jednej z trzech specjalno\u015bci umo\u017cliwiaj\u0105 rozw\u00f3j ukierunkowanych zainteresowa\u0144, zdobycie praktycznej wiedzy i umiej\u0119tno\u015bci oraz udzia\u0142 w badaniach naukowych z zakresu danej specjalno\u015bci. Zr\u00f3\u017cnicowane programy nauczania zapewniaj\u0105 elastyczno\u015b\u0107, dostosowanie kszta\u0142cenia do zmieniaj\u0105cych si\u0119 warunk\u00f3w i rozwoju technologicznego w informatyce.<\/p>\n\n\n\n<ul class=\"wp-block-list\">\n<li><strong>MATEMATYKA<\/strong><\/li>\n<\/ul>\n\n\n\n<p>Absolwenci kierunku znajduj\u0105 zatrudnienie w firmach informatycznych zajmuj\u0105cych si\u0119 budow\u0105, wdra\u017caniem lub utrzymaniem narz\u0119dzi i system\u00f3w informatycznych oraz w innych firmach i organizacjach, w kt\u00f3rych takie narz\u0119dzia i systemy s\u0105 wykorzystywane. Maj\u0105c w\u0142a\u015bciwe przygotowanie do pracy zespo\u0142owej, umiej\u0119tno\u015b\u0107 korzystania z aktualnej wiedzy oraz wpojone nawyki ustawicznego kszta\u0142cenia s\u0105 w pe\u0142ni gotowi do dalszego rozwoju kariery zawodowej w ramach zespo\u0142\u00f3w i projekt\u00f3w realizowanych dla potrzeb najbardziej wymagaj\u0105cych sektor\u00f3w gospodarki (telekomunikacja, bankowo\u015b\u0107 i ubezpieczenia, administracja pa\u0144stwowa i samorz\u0105dowa, operatorzy internetowi). Zdobyta w czasie studi\u00f3w I stopnia wiedza i umiej\u0119tno\u015bci zapewniaj\u0105 pe\u0142ne przygotowanie do podj\u0119cia kszta\u0142cenia na studiach II stopnia, co winno umo\u017cliwi\u0107 dalszy rozw\u00f3j kariery zawodowej w obszarach kierowania i zarz\u0105dzania projektami<\/p>\n\n\n\n<ul class=\"wp-block-list\">\n<li><strong>MATEMATYKA STOSOWANA<\/strong><\/li>\n<\/ul>\n\n\n\n<p>Absolwent matematyki stosowanej nabywa umiej\u0119tno\u015bci:<\/p>\n\n\n\n<ul class=\"wp-block-list\">\n<li>pos\u0142ugiwania si\u0119 du\u017cymi bazami danych;<\/li>\n\n\n\n<li>budowania modeli matematycznych dla zagadnie\u0144 z r\u00f3\u017cnych obszar\u00f3w (np. przyrodniczych, in\u017cynierskich, ekonomicznych lub zwi\u0105zanych z technologiami informatycznymi) oraz oceny ich poprawno\u015bci;\u00a0<\/li>\n\n\n\n<li>stosowania narz\u0119dzi matematycznych i informatycznych w finansach i analizie danych;\u00a0<\/li>\n\n\n\n<li>stosowania metod eksploracji danych i metod uczenia maszynowego;\u00a0<\/li>\n\n\n\n<li>praktycznego rozwi\u0105zywania problem\u00f3w decyzyjnych oraz zarz\u0105dzania projektami grupowymi.\u00a0<\/li>\n<\/ul>\n\n\n\n<p>Nabyte umiej\u0119tno\u015bci predestynuj\u0105 absolwent\u00f3w do szukania zatrudnienie w sektorach finansowym, bankowym i bezpiecze\u0144stwa publicznego (w szczeg\u00f3lno\u015bci cyfrowego), ubezpieczeniach, administracji pa\u0144stwowej i samorz\u0105dowej, bran\u017cy telekomunikacyjnej i informatycznej oraz firmach i mi\u0119dzynarodowych korporacjach, na stanowiskach, na kt\u00f3rych liczy si\u0119 umiej\u0119tno\u015b\u0107 logicznego my\u015blenia i szybkiej dedukcji, kreatywno\u015b\u0107, umiej\u0119tno\u015b\u0107 negocjacji i perswazji, wsp\u00f3\u0142dzia\u0142ania i kompleksowego rozwi\u0105zywania problem\u00f3w.\u00a0<\/p>\n\n\n\n<div class=\"wp-block-uagb-image aligncenter uagb-block-e0dfbaa3 wp-block-uagb-image--layout-default wp-block-uagb-image--effect-static wp-block-uagb-image--align-center\"><figure class=\"wp-block-uagb-image__figure\"><img decoding=\"async\" srcset=\"https:\/\/iro.pk.edu.pl\/wp-content\/uploads\/2023\/06\/loga-wydzialowe-1.svg \" sizes=\"auto, (max-width: 480px) 150px\" src=\"https:\/\/iro.pk.edu.pl\/wp-content\/uploads\/2023\/06\/loga-wydzialowe-1.svg\" alt=\"\" class=\"uag-image-912\" width=\"85\" height=\"84\" title=\"\" loading=\"lazy\" role=\"img\"><\/figure><\/div>\n\n<\/div>\n\t\t<\/div>\n\n<div class=\"wp-block-ub-content-toggle-accordion\" style=\"border-color: #f1f1f1; \" id=\"ub-content-toggle-panel-block-\">\n\t\t\t<div class=\"wp-block-ub-content-toggle-accordion-title-wrap\" style=\"background-color: #f1f1f1;\" aria-controls=\"ub-content-toggle-panel-2-0d98bad0-15cd-4e65-bfbf-118e2c6491d1\" tabindex=\"0\">\n\t\t\t<p class=\"wp-block-ub-content-toggle-accordion-title ub-content-toggle-title-0d98bad0-15cd-4e65-bfbf-118e2c6491d1\" style=\"color: #000000; \">Wydzia\u0142 In\u017cynierii Elektrycznej i Komputerowej<\/p>\n\t\t\t<div class=\"wp-block-ub-content-toggle-accordion-toggle-wrap right\" style=\"color: #000000;\"><span class=\"wp-block-ub-content-toggle-accordion-state-indicator wp-block-ub-chevron-down\"><\/span><\/div>\n\t\t<\/div>\n\t\t\t<div role=\"region\" aria-expanded=\"false\" class=\"wp-block-ub-content-toggle-accordion-content-wrap ub-hide\" id=\"ub-content-toggle-panel-2-0d98bad0-15cd-4e65-bfbf-118e2c6491d1\">\n\n<figure class=\"wp-block-table\"><table><thead><tr><th>Studia stacjonarne<\/th><th>Studia niestacjonarne<\/th><\/tr><\/thead><tbody><tr><td>Elektrotechnika i automatyka &#8211; specjalno\u015bci: elektroenergetyka; sterowanie, monitoring i diagnostyka uk\u0142ad\u00f3w elektrycznych; automatyka w przemy\u015ble 4.0 &#8211; studia II stopnia 1,5-roczne<\/td><td>Elektrotechnika i automatyka &#8211; specjalno\u015bci: automatyka w przemy\u015ble 4.0, elektroenergetyka; sterowanie, monitoring i diagnostyka uk\u0142ad\u00f3w elektrycznych &#8211; studia II stopnia 2-letnie<\/td><\/tr><tr><td>Infotronika &#8211; brak specjalno\u015bci &#8211; studia II stopnia 1,5-roczne<\/td><td>Infotronika &#8211; brak specjalno\u015bci &#8211; studia II stopnia 1,5-roczne<\/td><\/tr><\/tbody><\/table><\/figure>\n\n\n\n<ul class=\"wp-block-list\">\n<li><strong>ELEKTROTECHNIKA I AUTOMATYKA<\/strong><\/li>\n<\/ul>\n\n\n\n<p>Absolwenci kierunku Elektrotechnika i\u00a0automatyka studi\u00f3w drugiego stopnia to\u00a0wysokiej rangi specjali\u015bci posiadaj\u0105cy kompetencje do\u00a0profesjonalnego wykonywania prac w\u00a0biurach projektowych, szeroko poj\u0119tej elektroenergetyce, przedsi\u0119biorstwach produkcyjnych przemys\u0142u przetw\u00f3rczego, transporcie, budownictwie, \u0142\u0105czno\u015bci itp. a\u00a0w\u00a0szczeg\u00f3lno\u015bci prac obejmuj\u0105cych m.in.: projektowanie i\u00a0programowanie uk\u0142ad\u00f3w sterowania, regulacji i\u00a0kontroli\u00a0z wykorzystaniem mikrokontroler\u00f3w oraz\u00a0cyfrowych uk\u0142ad\u00f3w programowalnych, przetwarzanie i\u00a0transmisj\u0119 sygna\u0142\u00f3w, sterowanie, monitoring i\u00a0diagnostyk\u0119 maszyn i\u00a0urz\u0105dze\u0144 elektrycznych, nap\u0119dy elektryczne i\u00a0uk\u0142ady energoelektroniczne w\u00a0zakresie projektowania, sterowania, uruchamiania oraz\u00a0diagnostyki, kompatybilno\u015b\u0107 elektromagnetyczn\u0105, uk\u0142ady generacji energii elektrycznej i\u00a0systemy pomiar\u00f3w elektrycznych.<\/p>\n\n\n\n<ul class=\"wp-block-list\">\n<li><strong>INFOTRONIKA<\/strong><\/li>\n<\/ul>\n\n\n\n<p>Infotronika \u0142\u0105czy mechatronik\u0119 z\u00a0informatyk\u0105. \u0141\u0105czy umiej\u0119tno\u015b\u0107 projektowania, konstrukcji, prototypowania oraz\u00a0eksploatacji system\u00f3w zawieraj\u0105cych elementy o\u00a0r\u00f3\u017cnej naturze (elektrycznej, elektronicznej, mechanicznej, elektropneumatycznej, sensorycznej itp.) z\u00a0intensywnym wykorzystywaniem \u015brodk\u00f3w i\u00a0narz\u0119dzi informatycznych oraz\u00a0profesjonalnych program\u00f3w komputerowego wspomagania prac in\u017cynierskich (pakiet\u00f3w wyspecjalizowanych oraz\u00a0o\u00a0charakterze multiphysics). Absolwenci kierunku Infotronika przygotowani s\u0105 do\u00a0pracy w\u00a0najnowocze\u015bniejszych i\u00a0najszybciej rozwijaj\u0105cych si\u0119 ga\u0142\u0119ziach gospodarki \u015bwiatowej.<br>Patron kierunku: ABB<\/p>\n\n\n\n<div class=\"wp-block-uagb-image aligncenter uagb-block-c0c72e47 wp-block-uagb-image--layout-default wp-block-uagb-image--effect-static wp-block-uagb-image--align-center\"><figure class=\"wp-block-uagb-image__figure\"><img decoding=\"async\" srcset=\"https:\/\/iro.pk.edu.pl\/wp-content\/uploads\/2023\/06\/loga-wydzialowe-2.svg \" sizes=\"auto, (max-width: 480px) 150px\" src=\"https:\/\/iro.pk.edu.pl\/wp-content\/uploads\/2023\/06\/loga-wydzialowe-2.svg\" alt=\"\" class=\"uag-image-921\" width=\"85\" height=\"84\" title=\"\" loading=\"lazy\" role=\"img\"><\/figure><\/div>\n\n<\/div>\n\t\t<\/div>\n\n<div class=\"wp-block-ub-content-toggle-accordion\" style=\"border-color: #f1f1f1; \" id=\"ub-content-toggle-panel-block-\">\n\t\t\t<div class=\"wp-block-ub-content-toggle-accordion-title-wrap\" style=\"background-color: #f1f1f1;\" aria-controls=\"ub-content-toggle-panel-3-0d98bad0-15cd-4e65-bfbf-118e2c6491d1\" tabindex=\"0\">\n\t\t\t<p class=\"wp-block-ub-content-toggle-accordion-title ub-content-toggle-title-0d98bad0-15cd-4e65-bfbf-118e2c6491d1\" style=\"color: #000000; \">Wydzia\u0142 In\u017cynierii L\u0105dowej<\/p>\n\t\t\t<div class=\"wp-block-ub-content-toggle-accordion-toggle-wrap right\" style=\"color: #000000;\"><span class=\"wp-block-ub-content-toggle-accordion-state-indicator wp-block-ub-chevron-down\"><\/span><\/div>\n\t\t<\/div>\n\t\t\t<div role=\"region\" aria-expanded=\"false\" class=\"wp-block-ub-content-toggle-accordion-content-wrap ub-hide\" id=\"ub-content-toggle-panel-3-0d98bad0-15cd-4e65-bfbf-118e2c6491d1\">\n\n<figure class=\"wp-block-table\"><table><thead><tr><th>Studia stacjonarne<\/th><th>Studia niestacjonarne<\/th><\/tr><\/thead><tbody><tr><td>Budownictwo &#8211; specjalno\u015bci: budowle &#8211; informacja i modelowanie (BIM), budownictwo hydrotechniczne i geotechnika, infrastruktura drogowa i kolejowa, konstrukcje budowlane i in\u017cynierskie, mechanika konstrukcji in\u017cynierskich, mosty i budowle podziemne, technologia i organizacja budownictwa &#8211; studia II stopnia 1,5-roczne<\/td><td>Budownictwo &#8211; specjalno\u015bci: infrastruktura drogowa i kolejowa, konstrukcje budowlane i in\u017cynierskie, technologia i organizacja budownictwa &#8211; studia II stopnia 2-letnie<\/td><\/tr><tr><td>Transport i logistyka &#8211; specjalno\u015bci: logistyka i spedycja, transport kolejowy, transport miejski &#8211; studia II stopnia 1,5-roczne<\/td><td>Transport i logistyka &#8211; specjalno\u015bci: logistyka i spedycja, transport kolejowy, transport miejski &#8211; studia II stopnia 2-letnie<\/td><\/tr><\/tbody><\/table><\/figure>\n\n\n\n<ul class=\"wp-block-list\">\n<li><strong>BUDOWNICTWO<\/strong><\/li>\n<\/ul>\n\n\n\n<p>Uko\u0144czenie kierunku\u00a0<em><a href=\"https:\/\/www.youtube.com\/watch?v=GqUO5S5ruJc&amp;t=36s\">Budownictwo<\/a><\/em>\u00a0zapewnia uzyskanie kwalifikacji do\u00a0projektowania obiekt\u00f3w budowlanych i\u00a0konstrukcji in\u017cynierskich, kierowania pracami w\u00a0zakresie ich wykonania, remont\u00f3w, u\u017cytkowania, pe\u0142nienia pomocniczych lub wsp\u00f3\u0142autorskich dzia\u0142a\u0144 tw\u00f3rczych, wsp\u00f3\u0142dzia\u0142ania przy projektowaniu proces\u00f3w technologicznych w\u00a0wytw\u00f3rniach materia\u0142\u00f3w i\u00a0konstrukcji budowlanych, u\u017cytkowania system\u00f3w informatycznych maj\u0105cych zastosowanie w\u00a0budownictwie. Absolwenci kierunku Budownictwo zapoznaj\u0105 si\u0119 z\u00a0organizacj\u0105 przemys\u0142u budowlanego, procedurami realizacji obiekt\u00f3w budowlanych i\u00a0obowi\u0105zuj\u0105cymi przepisami budowlanymi\u00a0 i\u00a0s\u0105 przygotowani, by\u00a0mogli zaplanowa\u0107 przebieg budowy, sporz\u0105dzi\u0107 kosztorys, a\u00a0z\u00a0chwil\u0105 otrzymania kontraktu realizowa\u0107 go umiej\u0119tnie zarz\u0105dzaj\u0105c lud\u017ami, sprz\u0119tem i\u00a0kosztami. Potrafi\u0105 pos\u0142ugiwa\u0107 si\u0119 wsp\u00f3\u0142cze\u015bnie stosowanym oprogramowaniem s\u0142u\u017c\u0105cym do\u00a0szeroko rozumianego, komputerowo wspomaganego projektowania konstrukcji in\u017cynierskich (CAD, BIM), umo\u017cliwiaj\u0105cym m. in. sprawne kre\u015blenie, obliczanie oraz\u00a0sprawdzanie spe\u0142nienia normowych warunk\u00f3w no\u015bno\u015bci i\u00a0u\u017cytkowania. Uzyskana wiedza bazuje na\u00a0zdobyczach nowoczesnej techniki z\u00a0wykorzystaniem metod komputerowych i\u00a0technologii informatycznych.<\/p>\n\n\n\n<ul class=\"wp-block-list\">\n<li><strong>TRANSPORT<\/strong> <strong>I LOGISTYKA<\/strong><\/li>\n<\/ul>\n\n\n\n<p>Studia na\u00a0kierunku\u00a0<a href=\"https:\/\/www.youtube.com\/watch?v=3jG8Ryoohg4&amp;t=39s\">Transport<\/a>\u00a0i logistykakszta\u0142c\u0105 specjalist\u00f3w w\u00a0dziedzinie nowoczesnego transportu drogowego, kolejowego i\u00a0lotniczego z\u00a0uwzgl\u0119dnieniem infrastruktury, zintegrowanych system\u00f3w transportowych i\u00a0logistycznych. Absolwenci posiadaj\u0105 kwalifikacje w\u00a0dziedzinie zarz\u0105dzania i\u00a0sterowania transportem z\u00a0zastosowaniem nowoczesnych metod, urz\u0105dze\u0144 oraz\u00a0technologii informatycznych. Absolwenci kierunku Transport i logistyka, dzi\u0119ki wszechstronnemu wykszta\u0142ceniu technicznemu wzbogaconemu wiedz\u0105 organizacyjn\u0105, prawn\u0105 i\u00a0ekonomiczn\u0105, s\u0105 przygotowani do\u00a0pracy w\u00a0jednostkach studialnych, projektowych i\u00a0badawczych; w\u00a0przedsi\u0119biorstwach przewozowych i\u00a0spedycyjnych oraz\u00a0w\u0142asnych tego typu firmach; w\u00a0dzia\u0142ach transportu i\u00a0logistyki przedsi\u0119biorstw, w\u00a0tym w\u00a0miejskich zarz\u0105dach dr\u00f3g; w\u00a0specjalistycznych kom\u00f3rkach administracji rz\u0105dowej i\u00a0samorz\u0105dowej; w\u00a0biurach urbanistycznych; w\u00a0przedsi\u0119biorstwach przewoz\u00f3w pasa\u017cerskich; w\u00a0centrach logistycznych, a\u00a0nawet w\u00a0policji.<\/p>\n\n\n\n<div class=\"wp-block-uagb-image aligncenter uagb-block-bfaa9551 wp-block-uagb-image--layout-default wp-block-uagb-image--effect-static wp-block-uagb-image--align-center\"><figure class=\"wp-block-uagb-image__figure\"><img decoding=\"async\" srcset=\"https:\/\/iro.pk.edu.pl\/wp-content\/uploads\/2023\/06\/loga-wydzialowe-3.svg \" sizes=\"auto, (max-width: 480px) 150px\" src=\"https:\/\/iro.pk.edu.pl\/wp-content\/uploads\/2023\/06\/loga-wydzialowe-3.svg\" alt=\"\" class=\"uag-image-1044\" width=\"84\" height=\"84\" title=\"\" loading=\"lazy\" role=\"img\"><\/figure><\/div>\n\n<\/div>\n\t\t<\/div>\n\n<div class=\"wp-block-ub-content-toggle-accordion\" style=\"border-color: #f1f1f1; \" id=\"ub-content-toggle-panel-block-\">\n\t\t\t<div class=\"wp-block-ub-content-toggle-accordion-title-wrap\" style=\"background-color: #f1f1f1;\" aria-controls=\"ub-content-toggle-panel-4-0d98bad0-15cd-4e65-bfbf-118e2c6491d1\" tabindex=\"0\">\n\t\t\t<p class=\"wp-block-ub-content-toggle-accordion-title ub-content-toggle-title-0d98bad0-15cd-4e65-bfbf-118e2c6491d1\" style=\"color: #000000; \">Wydzia\u0142 In\u017cynierii Materia\u0142owej i Fizyki<\/p>\n\t\t\t<div class=\"wp-block-ub-content-toggle-accordion-toggle-wrap right\" style=\"color: #000000;\"><span class=\"wp-block-ub-content-toggle-accordion-state-indicator wp-block-ub-chevron-down\"><\/span><\/div>\n\t\t<\/div>\n\t\t\t<div role=\"region\" aria-expanded=\"false\" class=\"wp-block-ub-content-toggle-accordion-content-wrap ub-hide\" id=\"ub-content-toggle-panel-4-0d98bad0-15cd-4e65-bfbf-118e2c6491d1\">\n\n<figure class=\"wp-block-table\"><table><thead><tr><th>Studia stacjonarne<\/th><th>Studia niestacjonarne<\/th><\/tr><\/thead><tbody><tr><td>In\u017cynieria materia\u0142owa &#8211; specjalno\u015bci: in\u017cynieria spajania materia\u0142\u00f3w, materia\u0142y i technologie przyjazne \u015brodowisku, materia\u0142y konstrukcyjne i kompozyty &#8211; studia II stopnia 1,5-roczne<\/td><td>In\u017cynieria materia\u0142owa &#8211; specjalno\u015bci: materia\u0142y i technologie przyjazne \u015brodowisku, materia\u0142y konstrukcyjne i kompozyty &#8211; studia II stopnia 1,5-roczne<\/td><\/tr><tr><td>Fizyka techniczna &#8211; specjalno\u015bci: modelowanie komputerowe, nowoczesne materia\u0142y i nanotechnologie &#8211; studia II stopnia 1,5-roczne<\/td><td>&#8211;<\/td><\/tr><\/tbody><\/table><\/figure>\n\n\n\n<ul class=\"wp-block-list\">\n<li><strong>IN\u017bYNIERIA MATERIA\u0141OWA<\/strong><\/li>\n<\/ul>\n\n\n\n<p>Kierunek In\u017cynieria Materia\u0142owa jest interdyscyplinarn\u0105 nauk\u0105 zajmuj\u0105c\u0105 si\u0119 budow\u0105 materia\u0142\u00f3w, metodami kszta\u0142towania i\u00a0badania ich w\u0142asno\u015bci. \u0141\u0105czy w\u00a0sobie osi\u0105gni\u0119cia fizyki, chemii, mechaniki, wytrzyma\u0142o\u015bci materia\u0142\u00f3w i\u00a0szeregu innych nauk technicznych. Otaczaj\u0105cy nas \u015bwiat jest zbudowany z\u00a0r\u00f3\u017cnorodnych materia\u0142\u00f3w. Mo\u017cna \u015bmia\u0142o stwierdzi\u0107, \u017ce\u00a0In\u017cynieria Materia\u0142owa jest podstaw\u0105 kreowania nowoczesnego \u015bwiata. Czy\u00a0bez\u00a0odkry\u0107 i\u00a0dokona\u0144 naukowc\u00f3w z\u00a0obszaru In\u017cynierii Materia\u0142owej mo\u017cliwy by\u0142by rozw\u00f3j przemys\u0142u kosmicznego, lotniczego, motoryzacyjnego, elektronicznego, medycznego oraz\u00a0w\u00a0wielu innych bran\u017cach? Dzi\u0119ki odkryciu stop\u00f3w tytanu, stop\u00f3w aluminium czy\u00a0kompozyt\u00f3w cz\u0142owiek m\u00f3g\u0142 si\u0119gn\u0105\u0107 chmur i\u00a0gwiazd, a\u00a0bez\u00a0nadprzewodnik\u00f3w i\u00a0p\u00f3\u0142przewodnik\u00f3w dzi\u015b nie\u00a0mieliby\u015bmy komputer\u00f3w, tablet\u00f3w czy\u00a0wszechobecnych smartfon\u00f3w.\u00a0 In\u017cynieria Materia\u0142owa towarzyszy nam w\u00a0ka\u017cdej dziedzinie \u017cycia. Ze\u00a0wzgl\u0119du na\u00a0dokonuj\u0105cy si\u0119 nieustannie post\u0119p i\u00a0innowacje w\u00a0dziedzinie materia\u0142\u00f3w ma ona wp\u0142yw na\u00a0rozw\u00f3j wszystkich ga\u0142\u0119zi przemys\u0142u, dlatego jest jednym z\u00a0kierunk\u00f3w przysz\u0142o\u015bci.<\/p>\n\n\n\n<ul class=\"wp-block-list\">\n<li><strong>FIZYKA TECHNICZNA<\/strong><\/li>\n<\/ul>\n\n\n\n<p>Celem studi\u00f3w na\u00a0tym kierunku jest wykszta\u0142cenie absolwenta posiadaj\u0105cego umiej\u0119tno\u015b\u0107 rozumienia, samodzielnego formu\u0142owania i\u00a0rozwi\u0105zywania konkretnych problem\u00f3w fizycznych i\u00a0technicznych. Pierwsze dwa lata studi\u00f3w obejmuj\u0105 m.in.\u00a0kursy analizy matematycznej, fizyki og\u00f3lnej, j\u0119zyk\u00f3w programowania, elektroniki i\u00a0elektrotechniki. Absolwent b\u0119dzie przygotowany teoretycznie i\u00a0praktycznie do\u00a0korzystania z\u00a0nowoczesnej aparatury pomiarowej, technicznych system\u00f3w diagnostycznych i\u00a0zaawansowanych technik komputerowych. Absolwent b\u0119dzie przygotowany do\u00a0pracy w: laboratoriach badawczo rozwojowych, przemys\u0142owych, jednostkach akredytacyjnych i\u00a0atestacyjnych aparatury i\u00a0urz\u0105dze\u0144 diagnostyczno-pomiarowych. Ma kompetencje niezb\u0119dne do\u00a0obs\u0142ugi i\u00a0nadzoru urz\u0105dze\u0144, kt\u00f3rych\u00a0dzia\u0142anie wymaga podstawowej wiedzy z\u00a0zakresu fizyki. Absolwenci kierunku Fizyka Techniczna powinni uzyska\u0107 zdolno\u015b\u0107 \u0142atwego przystosowywania si\u0119 do\u00a0stale zmieniaj\u0105cych si\u0119 wymaga\u0144 rynku pracy.<\/p>\n\n\n\n<div class=\"wp-block-uagb-image aligncenter uagb-block-28d03546 wp-block-uagb-image--layout-default wp-block-uagb-image--effect-static wp-block-uagb-image--align-center\"><figure class=\"wp-block-uagb-image__figure\"><img decoding=\"async\" srcset=\"https:\/\/iro.pk.edu.pl\/wp-content\/uploads\/2023\/06\/loga-wydzialowe-4.svg \" sizes=\"auto, (max-width: 480px) 150px\" src=\"https:\/\/iro.pk.edu.pl\/wp-content\/uploads\/2023\/06\/loga-wydzialowe-4.svg\" alt=\"\" class=\"uag-image-1038\" width=\"85\" height=\"84\" title=\"\" loading=\"lazy\" role=\"img\"><\/figure><\/div>\n\n<\/div>\n\t\t<\/div>\n\n<div class=\"wp-block-ub-content-toggle-accordion\" style=\"border-color: #f1f1f1; \" id=\"ub-content-toggle-panel-block-\">\n\t\t\t<div class=\"wp-block-ub-content-toggle-accordion-title-wrap\" style=\"background-color: #f1f1f1;\" aria-controls=\"ub-content-toggle-panel-5-0d98bad0-15cd-4e65-bfbf-118e2c6491d1\" tabindex=\"0\">\n\t\t\t<p class=\"wp-block-ub-content-toggle-accordion-title ub-content-toggle-title-0d98bad0-15cd-4e65-bfbf-118e2c6491d1\" style=\"color: #000000; \">Wydzia\u0142 In\u017cynierii \u015arodowiska i Energetyki<\/p>\n\t\t\t<div class=\"wp-block-ub-content-toggle-accordion-toggle-wrap right\" style=\"color: #000000;\"><span class=\"wp-block-ub-content-toggle-accordion-state-indicator wp-block-ub-chevron-down\"><\/span><\/div>\n\t\t<\/div>\n\t\t\t<div role=\"region\" aria-expanded=\"false\" class=\"wp-block-ub-content-toggle-accordion-content-wrap ub-hide\" id=\"ub-content-toggle-panel-5-0d98bad0-15cd-4e65-bfbf-118e2c6491d1\">\n\n<figure class=\"wp-block-table\"><table><thead><tr><th>Studia stacjonarne<\/th><th>Studia niestacjonarne<\/th><\/tr><\/thead><tbody><tr><td>Energetyka &#8211; specjalno\u015bci: energetyka niekonwencjonalna, modelowania komputerowe w energetyce, systemy i urz\u0105dzenia energetyczne &#8211; studia II stopnia 1,5-roczne<\/td><td>Energetyka &#8211; specjalno\u015bci: energetyka niekonwencjonalna, systemy i urz\u0105dzenia energetyczne, modelowanie komputerowe w energetyce &#8211; studia II stopnia 2-letnie<\/td><\/tr><tr><td>Energetyka j\u0105drowa &#8211; brak specjalno\u015bci &#8211; studia II stopnia 1,5-roczne<\/td><td><\/td><\/tr><tr><td>Geoinformatyka &#8211; brak specjalno\u015bci &#8211; studia II stopnia 1,5-roczne<\/td><td><\/td><\/tr><tr><td>In\u017cynieria i gospodarka wodna &#8211; brak specjalno\u015bci &#8211; studia II stopnia 1,5-roczne<\/td><td>&#8211;<\/td><\/tr><tr><td>In\u017cynieria \u015brodowiska &#8211; specjalno\u015bci: ciep\u0142ownictwo, ogrzewnictwo, wentylacja i klimatyzacja; zaopatrzenie w wod\u0119 i unieszkodliwianie \u015bciek\u00f3w i odpad\u00f3w &#8211; studia II stopnia 1,5-roczne<\/td><td>In\u017cynieria \u015brodowiska &#8211; specjalno\u015bci: ciep\u0142ownictwo, ogrzewnictwo, wentylacja i klimatyzacja; zaopatrzenie w wod\u0119 i unieszkodliwianie \u015bciek\u00f3w i odpad\u00f3w &#8211; studia II stopnia 2-letnie<\/td><\/tr><tr><td>Odnawialne \u017ar\u00f3d\u0142a energii i infrastruktura komunalna &#8211; brak specjalno\u015bci &#8211; studia II stopnia 1,5-roczne<\/td><td>&#8211;<\/td><\/tr><\/tbody><\/table><\/figure>\n\n\n\n<ul class=\"wp-block-list\">\n<li><strong>ENERGETYKA<\/strong><\/li>\n<\/ul>\n\n\n\n<p>Absolwenci kierunku energetyka maj\u0105 mo\u017cliwo\u015b\u0107 starania si\u0119 o\u00a0uprawnienia budowlane bez\u00a0ogranicze\u0144 w\u00a0ramach specjalno\u015bci instalacyjnej w\u00a0zakresie sieci, instalacji i\u00a0urz\u0105dze\u0144 cieplnych, wentylacyjnych, gazowych, wodoci\u0105gowych i\u00a0kanalizacyjnych, a\u00a0tak\u017ce o\u00a0uprawnienia budowlane w\u00a0ograniczonym zakresie w\u00a0specjalno\u015bci instalacyjnej w\u00a0zakresie sieci, instalacji i\u00a0urz\u0105dze\u0144 elektrycznych i\u00a0elektroenergetycznych.<br>Po\u00a0uzyskaniu stopnia in\u017cyniera absolwenci kierunku Energetyka mog\u0105 samodzielnie wykonywa\u0107 audyty energetyczne, a\u00a0po\u00a0zdobyciu uprawnie\u0144 budowlanych stara\u0107 si\u0119 o\u00a0uprawnienia do\u00a0sporz\u0105dzania \u015bwiadectw charakterystyk energetycznych.<\/p>\n\n\n\n<ul class=\"wp-block-list\">\n<li><strong>ENERGETYKA J\u0104DROWA<\/strong><\/li>\n<\/ul>\n\n\n\n<p>W dniu 31.05.2023 Politechnika Krakowska przyst\u0105pi\u0142a do porozumienia o wsp\u00f3\u0142pracy mi\u0119dzy uczelniami technicznymi a grup\u0105 ORLEN i Ministerstwem Edukacji i Nauki, kt\u00f3rego celem jest wsp\u00f3lna praca na rzecz doskonalenia przysz\u0142ych kadr sektora energetycznego. Przemys\u0142 j\u0105drowy to nowa, bardzo perspektywiczna ga\u0142\u0105\u017a gospodarki. Bior\u0105c pod uwag\u0119, \u017ce jeden reaktor b\u0119dzie anga\u017cowa\u0142 ponad 100 wysoko wykwalifikowanych specjalist\u00f3w, to w perspektywie najbli\u017cszych lat b\u0119dziemy potrzebowa\u0107 bardzo du\u017c\u0105 ich liczb\u0119. Ponadto program obejmuje kszta\u0142cenie kadr nie tylko dla bran\u017cy SMR \u2013 skorzysta na tym ca\u0142y rozwijaj\u0105cy si\u0119 intensywnie sektor energetyki j\u0105drowej w Polsce, kt\u00f3ry wymaga obecnie specjalist\u00f3w odpowiednio wyszkolonych w zakresie technologii j\u0105drowych i bezpiecze\u0144stwa j\u0105drowego. Studia magisterskie na kierunku Energetyka j\u0105drowa zapewni\u0105 odpowiedne kompetencje przysz\u0142ym pracownikom tej bran\u017cy i tym samym odgrywa\u0107 b\u0119d\u0105 kluczow\u0105 rol\u0105 w niej.<br>Istnieje wyra\u017ane i rosn\u0105ce zapotrzebowanie rynku pracy na specjalist\u00f3w przygotowanych by w spos\u00f3b kompleksowy podejmowa\u0107 dzia\u0142ania w zakresie technologii j\u0105drowych i bezpiecze\u0144stwa j\u0105drowego. To powoduje, i\u017c absolwenci kierunku EJ mog\u0105 znale\u017a\u0107 zatrudnienie w:<\/p>\n\n\n\n<ul class=\"wp-block-list\">\n<li>ma\u0142ych i du\u017cych elektrowniach j\u0105drowych<\/li>\n\n\n\n<li>elektrowniach, elektrociep\u0142owniach konwencjonalnych oraz innych jednostkach wytw\u00f3rczych energii elektrycznej i cieplnej<\/li>\n\n\n\n<li>firmach projektowych zwi\u0105zanych z energetyk\u0105, energetyk\u0105 j\u0105drow\u0105, ciepln\u0105 oraz przy projektowaniu instalacji energetycznych<\/li>\n\n\n\n<li>o\u015brodkach badawczo-rozwojowych, naukowych<\/li>\n\n\n\n<li>w przedsi\u0119biorstwach bran\u017cy ochrony radiologicznej<\/li>\n\n\n\n<li>w biurach projektowych projektuj\u0105cych maszyny i urz\u0105dzenia energetyczne, maszyny przep\u0142ywowe<\/li>\n\n\n\n<li>urz\u0119dzie dozoru j\u0105drowego, Pa\u0144stwowej Agencji Atomistyki lub w innych pokrewnych organach administracji publicznej<\/li>\n\n\n\n<li>przedsi\u0119biorstwach zajmuj\u0105cych si\u0119 eksploatacj\u0105 infrastruktury technicznej,<\/li>\n\n\n\n<li>plac\u00f3wkach naukowych,<\/li>\n<\/ul>\n\n\n\n<p>Kompetencje absolwent\u00f3w tego kierunku daj\u0105 podstawy pozwalaj\u0105ce na rozwini\u0119cie w\u0142asnej dzia\u0142alno\u015bci gospodarczej oraz wpisuj\u0105 si\u0119 w oczekiwania szerokiej grupy pracodawc\u00f3w.<\/p>\n\n\n\n<ul class=\"wp-block-list\">\n<li><strong>GEOINFORMATYKA<\/strong><\/li>\n<\/ul>\n\n\n\n<p>I i II stopie\u0144 kierunku GEOINFORMATYKA \u0142\u0105czy nowoczesne techniki informatyczne (nale\u017c\u0105ce do Data Science) z szeroko rozumianymi zagadnieniami z zakresu nauk o Ziemi i in\u017cynierii \u015brodowiska (do kt\u00f3rych zalicza si\u0119 m.in. geoin\u017cynieri\u0119 i hydroin\u017cynieri\u0119). <br>Dlatego te\u017c, kierunek adresowany jest do os\u00f3b, kt\u00f3re z jednej strony interesuj\u0105 si\u0119 zagadnieniami informatycznymi i chc\u0105 nadal rozwija\u0107 si\u0119 zawodowo w tym obszarze, a dodatkowo chcia\u0142yby wyspecjalizowa\u0107 si\u0119 w pozyskiwaniu, przechowywaniu, zabezpieczeniu, przetwarzaniu, wizualizacji i analizie geodanych i hydrodanych.<br>Kierunek jest wi\u0119c idealnym wyborem dla os\u00f3b, kt\u00f3re interesuj\u0105 si\u0119 informatyk\u0105, fizyk\u0105, matematyk\u0105, geografi\u0105 oraz lubi\u0105 przebywa\u0107 w terenie, gdzie prowadzone s\u0105 pomiary z zakresu geodezji i geofizyki przy u\u017cyciu specjalistycznych urz\u0105dze\u0144 elektronicznych.<br>II stopie\u0144 kierunku GEOINFORMATYKA pozwala na zdobycie specjalistycznej wiedzy i umiej\u0119tno\u015bci przez student\u00f3w I stopnia r\u00f3\u017cnych kierunk\u00f3w geoinformatycznych w celu zaawansowanego przetwarzania i analizy hydro-geo-danych oraz dla prowadzenia symulacji komputerowych proces\u00f3w zachodz\u0105cych w geosferach.<\/p>\n\n\n\n<ul class=\"wp-block-list\">\n<li><strong>IN\u017bYNIERIA I GOSPODARKA WODNA<\/strong><\/li>\n<\/ul>\n\n\n\n<p>Susze, powodzie i zmiany klimatyczne stanowi\u0105 najwi\u0119ksze wyzwania dla wsp\u00f3\u0142czesnych miast. In\u017cynieria i gospodarka wodna (IiGW) to studia, pozwalaj\u0105ce zrozumie\u0107 istot\u0119 oraz przyczyny tych zagro\u017ce\u0144 i dzi\u0119ki temu projektowa\u0107 infrastruktur\u0119 miejsk\u0105, wodn\u0105 i ziele\u0144, tak aby dostosowywa\u0107 miasta do obecnych oraz przysz\u0142ych zmian klimatycznych. To studia dla tych, kt\u00f3rych interesuje hydrotechnika i jej mo\u017cliwo\u015bci. Bazuj\u0105c na podstawach uzyskanych na I stopniu studi\u00f3w, in\u017cynierowie zdobywaj\u0105 zaawansowan\u0105 wiedz\u0119 i umiej\u0119tno\u015bci eksperckie w zakresie ochrony przed powodzi\u0105 i susz\u0105, projektowania, budowy i eksploatacji obiekt\u00f3w hydrotechnicznych, obiekt\u00f3w in\u017cynierii wodnej i ochrony zasob\u00f3w wodnych.<br>Zadaniem studi\u00f3w drugiego stopnia jest przygotowanie absolwent\u00f3w do realizacji projekt\u00f3w i podejmowania przedsi\u0119wzi\u0119\u0107 w wi\u0119kszej skali przestrzennej, a tak\u017ce do kontynuacji edukacji na studiach doktoranckich w dyscyplinach powi\u0105zanych z gospodark\u0105 wodn\u0105.<br>Absolwenci IiGW maj\u0105 mo\u017cliwo\u015b\u0107 uzyskania uprawnie\u0144 budowlanych w specjalno\u015bci in\u017cynieryjnej hydrotechnicznej bez ogranicze\u0144 oraz o uprawnie\u0144 w specjalno\u015bci konstrukcyjno-budowlanej w ograniczonym zakresie.<\/p>\n\n\n\n<ul class=\"wp-block-list\">\n<li><strong>IN\u017bYNIERIA \u015aRODOWISKA<\/strong><\/li>\n<\/ul>\n\n\n\n<p>Absolwenci b\u0119d\u0105 specjalistami w\u00a0zakresie projektowania, budowy i\u00a0eksploatacji instalacji grzewczych, wentylacyjnych, klimatyzacyjnych, wodno-kanalizacyjnych i\u00a0gazowych, a\u00a0tak\u017ce projektowania i\u00a0eksploatacji obiekt\u00f3w infrastruktury zwi\u0105zanych m.in.\u00a0z\u00a0zaopatrzeniem w\u00a0wod\u0119 i\u00a0jej uzdatnianiem, oczyszczaniem \u015bciek\u00f3w czy\u00a0unieszkodliwianiem odpad\u00f3w. Ich kompetencje zawodowe uzale\u017cnione s\u0105 od\u00a0specjalno\u015bci, kt\u00f3r\u0105 wybior\u0105. Stworzyli\u015bmy nowoczesny, praktycznie zorientowany program \u2013 skupiamy si\u0119 na\u00a0przedmiotach zawodowych, tym, co naprawd\u0119 potrzebne przysz\u0142emu in\u017cynierowi.<br>Kierunek przygotowuje do\u00a0uzyskania uprawnie\u0144 budowlanych (projektowych i\u00a0wykonawczych) w\u00a0specjalno\u015bci instalacyjnej w\u00a0zakresie sieci, instalacji i\u00a0urz\u0105dze\u0144 cieplnych, wentylacyjnych, gazowych, wodoci\u0105gowych i\u00a0kanalizacyjnych.<\/p>\n\n\n\n<ul class=\"wp-block-list\">\n<li><strong>ODNAWIALNE \u0179R\u00d3D\u0141A ENERGII I INFRASTRUKTURA KOMUNALNA<\/strong><\/li>\n<\/ul>\n\n\n\n<p><em>Odnawialne \u017ar\u00f3d\u0142a energii i\u00a0infrastruktura komunalna\u00a0<\/em>(OZEIK) to\u00a0unikatowy, interdyscyplinarny kierunek, \u0142\u0105cz\u0105cy wiedz\u0119 i\u00a0umiej\u0119tno\u015bci w\u00a0zakresie pozyskiwania, gromadzenia, przetwarzania oraz\u00a0dystrybucji energii ze\u00a0\u017ar\u00f3de\u0142 odnawialnych z\u00a0elementami nowoczesnego zarz\u0105dzania i\u00a0eksploatacji infrastruktury komunalnej. Stanowi kontynuacj\u0119 oraz\u00a0naturalne rozwini\u0119cie ciesz\u0105cego si\u0119 olbrzymi\u0105 popularno\u015bci\u0105 na\u00a0I\u00a0stopniu studi\u00f3w kierunku o\u00a0tej\u00a0samej nazwie. Dzi\u0119ki po\u0142\u0105czeniu kluczowych dla przysz\u0142o\u015bci miast zakres\u00f3w tematycznych, a\u00a0tak\u017ce praktycznemu podej\u015bciu do\u00a0rozwi\u0105zywania problem\u00f3w technicznych, pozwala na\u00a0wszechstronne wykszta\u0142cenie specjalist\u00f3w odpowiedzialnych za\u00a0wprowadzanie w\u00a0praktyce idei\u00a0<em>smart cities<\/em>, ze\u00a0szczeg\u00f3lnym uwzgl\u0119dnieniem tematyki energetycznej.<br>Energetyka odnawialna jest dyscyplin\u0105 przysz\u0142o\u015bci, co wynika z\u00a0konieczno\u015bci zwi\u0119kszania produkcji energii przy jednoczesnym ograniczaniu ilo\u015bci paliw kopalnych oraz\u00a0emisji szkodliwych substancji do\u00a0atmosfery. To\u00a0zarazem dynamiczny i\u00a0ci\u0105gle rosn\u0105cy rynek pracy, tak\u00a0dla kobiet, jak i\u00a0m\u0119\u017cczyzn, chc\u0105cych rozwi\u0105zywa\u0107 problemy wynikaj\u0105ce z\u00a0wp\u0142ywu rozwoju cywilizacyjnego na\u00a0\u015brodowisko naturalne i\u00a0kszta\u0142towa\u0107 spos\u00f3b funkcjonowania jednostek miejskich.<br>Kompetencje zdobyte w\u00a0toku studi\u00f3w przygotowuj\u0105 do\u00a0realizacji praktycznych zada\u0144 in\u017cynierskich zwi\u0105zanych z\u00a0planowaniem, projektowaniem, realizacj\u0105, eksploatacj\u0105 oraz\u00a0finansowaniem system\u00f3w OZE, jak r\u00f3wnie\u017c element\u00f3w infrastruktury komunalnej. Absolwenci tego kierunku to\u00a0r\u00f3wnie\u017c specjali\u015bci od\u00a0zastosowa\u0144 nowoczesnych technologii pro\u015brodowiskowych w\u00a0systemach komunalnych.<\/p>\n\n\n\n<div class=\"wp-block-uagb-image aligncenter uagb-block-cdf11ff0 wp-block-uagb-image--layout-default wp-block-uagb-image--effect-static wp-block-uagb-image--align-center\"><figure class=\"wp-block-uagb-image__figure\"><img decoding=\"async\" srcset=\"https:\/\/iro.pk.edu.pl\/wp-content\/uploads\/2023\/06\/loga-wydzialowe-5.svg \" sizes=\"auto, (max-width: 480px) 150px\" src=\"https:\/\/iro.pk.edu.pl\/wp-content\/uploads\/2023\/06\/loga-wydzialowe-5.svg\" alt=\"\" class=\"uag-image-1032\" width=\"85\" height=\"84\" title=\"\" loading=\"lazy\" role=\"img\"><\/figure><\/div>\n\n<\/div>\n\t\t<\/div>\n\n<div class=\"wp-block-ub-content-toggle-accordion\" style=\"border-color: #f1f1f1; \" id=\"ub-content-toggle-panel-block-\">\n\t\t\t<div class=\"wp-block-ub-content-toggle-accordion-title-wrap\" style=\"background-color: #f1f1f1;\" aria-controls=\"ub-content-toggle-panel-6-0d98bad0-15cd-4e65-bfbf-118e2c6491d1\" tabindex=\"0\">\n\t\t\t<p class=\"wp-block-ub-content-toggle-accordion-title ub-content-toggle-title-0d98bad0-15cd-4e65-bfbf-118e2c6491d1\" style=\"color: #000000; \">Wydzia\u0142 In\u017cynierii i Technologii Chemicznej<\/p>\n\t\t\t<div class=\"wp-block-ub-content-toggle-accordion-toggle-wrap right\" style=\"color: #000000;\"><span class=\"wp-block-ub-content-toggle-accordion-state-indicator wp-block-ub-chevron-down\"><\/span><\/div>\n\t\t<\/div>\n\t\t\t<div role=\"region\" aria-expanded=\"false\" class=\"wp-block-ub-content-toggle-accordion-content-wrap ub-hide\" id=\"ub-content-toggle-panel-6-0d98bad0-15cd-4e65-bfbf-118e2c6491d1\">\n\n<figure class=\"wp-block-table\"><table><thead><tr><th>Studia stacjonarne<\/th><th>Studia niestacjonarne<\/th><\/tr><\/thead><tbody><tr><td>Biotechnologia przemys\u0142owa &#8211; specjalno\u015b\u0107: biotechnologia przemys\u0142owa i w ochronie \u015brodowiska &#8211; studia II stopnia 1,5-roczne<\/td><td>&#8211;<\/td><\/tr><tr><td>In\u017cynieria chemiczna i procesowa &#8211; specjalno\u015b\u0107: in\u017cynieria odnawialnych \u017ar\u00f3de\u0142 energii, in\u017cynieria proces\u00f3w technologicznych &#8211; studia II stopnia 1,5-roczne<\/td><td>&#8211;<\/td><\/tr><tr><td>Technologia chemiczna &#8211; specjalno\u015bci: analityka przemys\u0142owa i \u015brodowiskowa, chemia i technologia kosmetyk\u00f3w, lekka technologia organiczna, procesy technologiczne i zarz\u0105dzanie produkcj\u0105, technologia polimer\u00f3w i biopolimer\u00f3w &#8211; studia II stopnia 1,5-roczne<\/td><td>&#8211;<\/td><\/tr><\/tbody><\/table><\/figure>\n\n\n\n<ul class=\"wp-block-list\">\n<li><strong>BIOTECHNOLOGIA<\/strong> <strong>PRZEMYS\u0141OWA<\/strong><\/li>\n<\/ul>\n\n\n\n<p>Biotechnologia\u00a0 to\u00a0dyscyplina nauk technicznych wykorzystuj\u0105ca procesy biologiczne na\u00a0skal\u0119 przemys\u0142ow\u0105. Z\u00a0definicji jest to\u00a0dyscyplina na\u00a0pograniczu biologii, chemii i\u00a0in\u017cynierii chemicznej, dlatego dbamy o\u00a0wszechstronne wykszta\u0142cenie Student\u00f3w na\u00a0naszym kierunku, szczeg\u00f3lnie w\u00a0dziedzinach:<\/p>\n\n\n\n<ul class=\"wp-block-list\">\n<li>Genetyki, biochemii, mikrobiologii,<\/li>\n\n\n\n<li>Bioin\u017cynierii i\u00a0in\u017cynierii bioreaktor\u00f3w,<\/li>\n\n\n\n<li>Chemii nieorganicznej, organicznej, fizycznej i\u00a0analitycznej,<\/li>\n\n\n\n<li>Technologii organicznej oraz\u00a0technologii biopolimer\u00f3w<\/li>\n<\/ul>\n\n\n\n<p>Studenci kierunku Biotechnologia s\u0105 przygotowani do\u00a0pracy na\u00a0stanowiskach zwi\u0105zanych z\u00a0organizacj\u0105 i\u00a0prowadzeniem proces\u00f3w produkcyjnych w\u00a0przemy\u015ble chemicznym, biotechnologicznym i\u00a0przemys\u0142ach pokrewnych oraz\u00a0do pracy w\u00a0nowoczesnych laboratoriach badawczych. Posiadaj\u0105 umiej\u0119tno\u015bci\u00a0wsp\u00f3\u0142pracy ze\u00a0specjalistami z\u00a0chemii, biologii, z\u00a0technologii chemicznej, in\u017cynierii chemicznej i\u00a0biotechnologii. Potrafi\u0105 podj\u0105\u0107 si\u0119 kierowania zespo\u0142ami ludzkimi oraz\u00a0firm\u0105, jak r\u00f3wnie\u017c s\u0105 przygotowani do\u00a0prowadzenia samodzielnej dzia\u0142alno\u015bci gospodarczej.<\/p>\n\n\n\n<ul class=\"wp-block-list\">\n<li><strong>IN\u017bYNIERIA CHEMICZNA I PROCESOWA<\/strong><\/li>\n<\/ul>\n\n\n\n<p>In\u017cynieria chemiczna i\u00a0procesowa, chocia\u017c zaledwie sto lat temu wesz\u0142a w\u00a0sk\u0142ad nauki i\u00a0techniki pozostaje motorem post\u0119pu spo\u0142ecznego, gospodarczego i\u00a0\u015brodowiskowego zapewniaj\u0105c platform\u0119 do\u00a0wymiany informacji i\u00a0osi\u0105gni\u0119\u0107, a\u00a0jednocze\u015bnie jest jedn\u0105 z\u00a0najbardziej ekscytuj\u0105cych, wielow\u0105tkowych dziedzin rozwijaj\u0105c\u0105 si\u0119 na\u00a0pograniczu chemii, biologii, biotechnologii, matematyki, termodynamiki, nauki o\u00a0materia\u0142ach etc.<br>Studenci kierunku In\u017cynieria chemiczna i\u00a0procesowa zdobywaj\u0105 uniwersalne wykszta\u0142cenie techniczne z\u00a0dobrymi podstawami matematyki, fizyki i\u00a0chemii, pozwalaj\u0105ce na\u00a0podejmowanie pracy w\u00a0szerokim zakresie dzia\u0142alno\u015bci produkcyjnej, projektowej i\u00a0naukowej. S\u0105 przygotowywani do\u00a0rozwi\u0105zywania zaawansowanych problem\u00f3w in\u017cynierskich, optymalizacji pracy urz\u0105dze\u0144 i\u00a0instalacji przemys\u0142owych zar\u00f3wno w\u00a0ma\u0142ych skalach jak i\u00a0w\u00a0skali wielkoprzemys\u0142owej.<\/p>\n\n\n\n<ul class=\"wp-block-list\">\n<li><strong>TECHNOLOGIA CHEMICZNA<\/strong><\/li>\n<\/ul>\n\n\n\n<p>Wsp\u00f3\u0142cze\u015bnie istnieje konieczno\u015b\u0107 tworzenia nowych, czystych i\u00a0ekologicznych technologii wytwarzania produkt\u00f3w codziennego u\u017cytku. Wymaga to\u00a0posiadania rozleg\u0142ej wiedzy nie\u00a0tylko\u00a0z\u00a0chemii ale\u00a0r\u00f3wnie\u017c z\u00a0podstaw mechaniki, in\u017cynierii chemicznej, automatyki itp. Wa\u017cnym zagadnieniem staje si\u0119 modelowanie komputerowe proces\u00f3w technologicznych z\u00a0wykorzystaniem nowych program\u00f3w obliczeniowych. Absolwenci kierunku technologia chemiczna z\u00a0powodzeniem znajduj\u0105 prac\u0119 w\u00a0ka\u017cdej ga\u0142\u0119zi przemys\u0142u chemicznego, ale\u00a0r\u00f3wnie\u017c w\u00a0przemy\u015ble farmaceutycznym, spo\u017cywczym i\u00a0kosmetycznym zar\u00f3wno na\u00a0linii produkcyjnej jak r\u00f3wnie\u017c w\u00a0laboratorium kontroli jako\u015bci lub badawczo-rozwojowym. Znaczna cz\u0119\u015b\u0107 absolwent\u00f3w realizuje si\u0119 zawodowo prowadz\u0105c w\u0142asn\u0105 firm\u0119 z\u00a0ma\u0142otona\u017cow\u0105 produkcj\u0105 chemiczn\u0105 lub kosmetyczn\u0105.<\/p>\n\n\n\n<div class=\"wp-block-uagb-image aligncenter uagb-block-0e167c8f wp-block-uagb-image--layout-default wp-block-uagb-image--effect-static wp-block-uagb-image--align-center\"><figure class=\"wp-block-uagb-image__figure\"><img decoding=\"async\" srcset=\"https:\/\/iro.pk.edu.pl\/wp-content\/uploads\/2023\/06\/loga-wydzialowe-6.svg \" sizes=\"auto, (max-width: 480px) 150px\" src=\"https:\/\/iro.pk.edu.pl\/wp-content\/uploads\/2023\/06\/loga-wydzialowe-6.svg\" alt=\"\" class=\"uag-image-1068\" width=\"84\" height=\"84\" title=\"\" loading=\"lazy\" role=\"img\"><\/figure><\/div>\n\n<\/div>\n\t\t<\/div>\n\n<div class=\"wp-block-ub-content-toggle-accordion\" style=\"border-color: #f1f1f1; \" id=\"ub-content-toggle-panel-block-\">\n\t\t\t<div class=\"wp-block-ub-content-toggle-accordion-title-wrap\" style=\"background-color: #f1f1f1;\" aria-controls=\"ub-content-toggle-panel-7-0d98bad0-15cd-4e65-bfbf-118e2c6491d1\" tabindex=\"0\">\n\t\t\t<p class=\"wp-block-ub-content-toggle-accordion-title ub-content-toggle-title-0d98bad0-15cd-4e65-bfbf-118e2c6491d1\" style=\"color: #000000; \">Wydzia\u0142 Mechaniczny<\/p>\n\t\t\t<div class=\"wp-block-ub-content-toggle-accordion-toggle-wrap right\" style=\"color: #000000;\"><span class=\"wp-block-ub-content-toggle-accordion-state-indicator wp-block-ub-chevron-down\"><\/span><\/div>\n\t\t<\/div>\n\t\t\t<div role=\"region\" aria-expanded=\"false\" class=\"wp-block-ub-content-toggle-accordion-content-wrap ub-hide\" id=\"ub-content-toggle-panel-7-0d98bad0-15cd-4e65-bfbf-118e2c6491d1\">\n\n<figure class=\"wp-block-table\"><table><thead><tr><th>Studia stacjonarne<\/th><th>Studia niestacjonarne<\/th><\/tr><\/thead><tbody><tr><td>Automatyka i robotyka &#8211; specjalno\u015bci: automatyzacja system\u00f3w wytwarzania, sterowanie i monitoring maszyn i urz\u0105dze\u0144, technologie informacyjne w systemach produkcyjnych &#8211; studia II stopnia 1,5-roczne<\/td><td>Automatyka i robotyka &#8211; specjalno\u015bci: sterowanie i monitoring maszyn i urz\u0105dze\u0144, technologie informacyjne w systemach produkcyjnych &#8211; studia II stopnia 1,5-roczne<\/td><\/tr><tr><td>Informatyka stosowana &#8211; brak specjalno\u015bci &#8211; studia II stopnia 1,5-roczne<\/td><td>&#8211;<\/td><\/tr><tr><td>In\u017cynieria medyczna &#8211; specjalno\u015bci: biomechanika, in\u017cynieria kliniczna &#8211; studia II stopnia 1,5-roczne<\/td><td>&#8211;<\/td><\/tr><tr><td>In\u017cynieria i zarz\u0105dzanie produkcj\u0105 &#8211; specjalno\u015bci: organizacja i doskonalenie proces\u00f3w produkcyjnych, zarz\u0105dzanie jako\u015bci\u0105 w nowoczesnych systemach produkcyjnych &#8211; studia II stopnia 1,5-roczne<\/td><td>In\u017cynieria i zarz\u0105dzanie produkcj\u0105 &#8211; organizacja i doskonalenie proces\u00f3w produkcyjnych, zarz\u0105dzanie jako\u015bci\u0105 w nowoczesnych systemach produkcyjnych &#8211; studia II stopnia 1,5-roczne<\/td><\/tr><tr><td>Mechanika i budowa maszyn &#8211; specjalno\u015bci: aparatura przemys\u0142owa, komputerowo wspomagane projektowanie in\u017cynierskie, mechanika konstrukcji i materia\u0142\u00f3w, urz\u0105dzenia ch\u0142odnicze i klimatyzacyjne &#8211; studia II stopnia 1,5-roczne<\/td><td>Mechanika i budowa maszyn &#8211; specjalno\u015bci: mechanika konstrukcji i materia\u0142\u00f3w, urz\u0105dzenia ch\u0142odnicze i klimatyzacyjne &#8211; studia II stopnia 1,5-roczne<\/td><\/tr><tr><td>Pojazdy samochodowe &#8211; specjalno\u015bci: budowa i badania pojazd\u00f3w samochodowych, diagnostyka i eksploatacja pojazd\u00f3w samochodowych &#8211; studia II stopnia 1,5-roczne<\/td><td>Pojazdy samochodowe &#8211; specjalno\u015bci: budowa i badania pojazd\u00f3w samochodowych, diagnostyka i eksploatacja pojazd\u00f3w samochodowych &#8211; studia II stopnia 1,5-roczne<\/td><\/tr><tr><td>\u015arodki transportu i logistyka &#8211; specjalno\u015bci: automatyzacja logistycznych system\u00f3w transportowych, bezpiecze\u0144stwo i eksploatacja \u015brodk\u00f3w transportu, logistyka i spedycja &#8211; studia II stopnia 1,5- roczne<\/td><td>\u015arodki transportu i logistyka &#8211; specjalno\u015bci: bezpiecze\u0144stwo i eksploatacja \u015brodk\u00f3w transportu, logistyka i spedycja &#8211; studia II stopnia 1,5-roczne<\/td><\/tr><\/tbody><\/table><\/figure>\n\n\n\n<ul class=\"wp-block-list\">\n<li><strong>AUTOMATYKA I ROBOTYKA<\/strong><\/li>\n<\/ul>\n\n\n\n<p>Kierunek Automatyka i\u00a0Robotyka zapewnia wykszta\u0142cenie specjalist\u00f3w posiadaj\u0105cych kompetencje konieczne do\u00a0wykorzystania profesjonalnych narz\u0119dzi wspomagaj\u0105cych prace in\u017cynierskie w\u00a0zakresie projektowania innowacyjnych rozwi\u0105za\u0144, integrowania oraz\u00a0u\u017cytkowania uk\u0142ad\u00f3w i\u00a0system\u00f3w automatyki i\u00a0robotyki, w\u00a0r\u00f3\u017cnych obszarach dzia\u0142alno\u015bci gospodarczej.\u00a0<br>Mo\u017cliwo\u015b\u0107 uzyskania w\u00a0trakcie studi\u00f3w uprawnie\u0144 elektroinstalcyjnych SEP jest dodatkowym atutem na\u00a0rynku pracy. Absolwenci AiR przygotowani s\u0105 do\u00a0pracy we\u00a0wszystkich ga\u0142\u0119ziach nowoczesnej gospodarki rozwijaj\u0105cej si\u0119 w\u00a0ramach czwartej rewolucji przemys\u0142owej, czyli w\u00a0okresie transformacji dla przemys\u0142u 4.0.<\/p>\n\n\n\n<ul class=\"wp-block-list\">\n<li><strong>INFORMATYKA STOSOWANA<\/strong><\/li>\n<\/ul>\n\n\n\n<p>Studia s\u0142u\u017c\u0105 zdobywaniu wiedzy oraz\u00a0umiej\u0119tno\u015bci pozwalaj\u0105cych rozwi\u0105zywa\u0107 przedstawione powy\u017cej problemy. Program studi\u00f3w obejmuje pe\u0142en wachlarz zagadnie\u0144 \u015bci\u015ble informatycznych, jak: algorytmy i\u00a0techniki oraz\u00a0j\u0119zyki programowania, systemy operacyjne, sieci komputerowe, aplikacje internetowe, systemy mobilne, bazy danych, grafika komputerowa, projektowanie oraz\u00a0administracja system\u00f3w komputerowych, metody obliczeniowe, statystyczne i\u00a0elementy matematyki dyskretnej oraz\u00a0sztucznej inteligencji.\u00a0<br>Ta szeroka wiedza informatyczna jest uzupe\u0142niona o\u00a0podstawy wiedzy z\u00a0zakresu in\u017cynierii materia\u0142owej, mechaniki, budowy maszyn, in\u017cynierii produkcji, zarz\u0105dzania, modelowania oraz\u00a0techniki pomiarowej. Dzi\u0119ki wprowadzeniu wi\u0119kszo\u015bci z\u00a0tych zagadnie\u0144 w\u00a0formie przedmiot\u00f3w wybieralnych studenci maj\u0105 mo\u017cliwo\u015b\u0107 kszta\u0142towania swojego wykszta\u0142cenia zgodnie z\u00a0zainteresowaniami oraz\u00a0predyspozycjami.<\/p>\n\n\n\n<ul class=\"wp-block-list\">\n<li><strong>IN\u017bYNIERIA MEDYCZNA<\/strong><\/li>\n<\/ul>\n\n\n\n<p>Rosn\u0105ce znaczenie technik komputerowych i\u00a0in\u017cynieryjnych w\u00a0medycynie oraz\u00a0nieustanny rozw\u00f3j technologii sprawia, \u017ce\u00a0bran\u017ca biomedyczna zyskuje na\u00a0popularno\u015bci. Jest jednym z\u00a0najwi\u0119kszych i\u00a0najbardziej dynamicznie rozwijaj\u0105cych si\u0119 \u015bwiatowych sektor\u00f3w przemys\u0142owych. Kierunek In\u017cynieria Medyczna oferuje specjalistyczne wykszta\u0142cenie dla in\u017cynier\u00f3w umo\u017cliwiaj\u0105ce podj\u0119cie pracy w\u00a0roli partnera dla \u015brodowiska medycznego w\u00a0zakresie zarz\u0105dzania plac\u00f3wkami s\u0142u\u017cby zdrowia, tworzenia oprogramowania, projektowania, budowy, obs\u0142ugi oraz\u00a0konserwacji sprz\u0119tu medycznego.<\/p>\n\n\n\n<ul class=\"wp-block-list\">\n<li><strong>IN\u017bYNIERIA PRODUKCJI<\/strong><\/li>\n<\/ul>\n\n\n\n<p>Studia na\u00a0kierunku In\u017cynieria Produkcji umo\u017cliwi\u0105 uzyskanie wiedzy teoretycznej oraz\u00a0praktycznych umiej\u0119tno\u015bci zwi\u0105zanych z\u00a0procesami i\u00a0systemami produkcyjnymi. Przygotowuj\u0105 m.in.\u00a0do: projektowania proces\u00f3w technologicznych typowych dla wytwarzania cz\u0119\u015bci maszyn i\u00a0urz\u0105dze\u0144 technologicznych, projektowania wyrob\u00f3w, zarz\u0105dzania procesami produkcyjnymi, udzia\u0142u w\u00a0pracach badawczych i\u00a0rozwojowych dotycz\u0105cych innowacji technicznych i\u00a0organizacyjnych, udzia\u0142u w\u00a0pracach dotycz\u0105cych doradztwa technicznego i\u00a0organizacyjnego, zastosowania technik CAx w\u00a0zagadnieniach in\u017cynierii produkcji, organizowania, zarz\u0105dzania i\u00a0koordynowania zespo\u0142\u00f3w pracowniczych.<br>Uko\u0144czenie In\u017cynierii Produkcji umo\u017cliwia podj\u0119cie pracy nie\u00a0tylko\u00a0w\u00a0przedsi\u0119biorstwach produkcyjnych, ale\u00a0r\u00f3wnie\u017c w\u00a0jednostkach atestacyjnych i\u00a0akredytacyjnych, w\u00a0instytutach naukowo-badawczych oraz\u00a0w\u00a0firmach konsultingowych.<\/p>\n\n\n\n<ul class=\"wp-block-list\">\n<li><strong>MECHANIKA I BUDOWA MASZYN<\/strong><\/li>\n<\/ul>\n\n\n\n<p>Wykszta\u0142cenie obejmuje wiedz\u0119 i\u00a0umiej\u0119tno\u015bci umo\u017cliwiaj\u0105ce konstruowanie i\u00a0przygotowanie produkcji maszyn urz\u0105dze\u0144 i\u00a0instalacji w\u00a0r\u00f3\u017cnych ga\u0142\u0119ziach przemys\u0142u zgodnie z\u00a0wybran\u0105 specjalno\u015bci\u0105 ale\u00a0te\u017c \u0142atwo\u015b\u0107 przystosowania si\u0119 do\u00a0innych wymaga\u0144 in\u017cynierskich dzi\u0119ki bardzo dobrej podbudowie teoretycznej. Warto zwr\u00f3ci\u0107 uwag\u0119, \u017ce\u00a0uko\u0144czenie kierunku MiBM pozwala na\u00a0uzyskanie 100% efekt\u00f3w uczenia si\u0119 z\u00a0dyscypliny naukowej In\u017cynieria mechaniczna, w\u00a0kt\u00f3rej\u00a0pracownicy Wydzia\u0142u maj\u0105 najwi\u0119ksze osi\u0105gni\u0119cia naukowe.<br>Kierunek Mechanika i\u00a0Budowa Maszyn jest kierunkiem \u0142\u0105cz\u0105cym tradycj\u0119 Wydzia\u0142u Mechanicznego z\u00a0najbardziej nowoczesnymi trendami przemys\u0142owymi i\u00a0dydaktycznymi. Jest to\u00a0kierunek nastawiony przede wszystkim na\u00a0konstrukcje maszyn i\u00a0urz\u0105dze\u0144 z\u00a0solidn\u0105 podbudow\u0105 teoretyczn\u0105. Studia zapewniaj\u0105 wykszta\u0142cenie specjalist\u00f3w posiadaj\u0105cych wiedz\u0119 z\u00a0zakresu mechaniki, wytrzyma\u0142o\u015bci materia\u0142\u00f3w, techniki cieplnej i\u00a0przep\u0142ywowej, jak r\u00f3wnie\u017c specjalistyczne wykszta\u0142cenie z\u00a0konstrukcji maszyn, urz\u0105dze\u0144 ch\u0142odniczych i\u00a0klimatyzacyjnych, in\u017cynierii bezpiecze\u0144stwa. Na\u00a0wszystkich specjalno\u015bciach du\u017c\u0105 uwag\u0119 k\u0142adzie si\u0119 na\u00a0symulacje komputerowe wytrzyma\u0142o\u015bciowe, przep\u0142ywowe i\u00a0cieplne oraz\u00a0projektowanie 3D.<\/p>\n\n\n\n<ul class=\"wp-block-list\">\n<li><strong>POJAZDY SAMOCHODOWE<\/strong><\/li>\n<\/ul>\n\n\n\n<p>Kierunek studi\u00f3w o\u00a0profilu og\u00f3lnoakademickim Pojazdy Samochodowe odpowiada na\u00a0zidentyfikowane, rosn\u0105ce zapotrzebowanie rynku oraz\u00a0daje mo\u017cliwo\u015b\u0107 realizacji strategicznych cel\u00f3w gospodarczych Polski w\u00a0zakresie rozwoju przemys\u0142u motoryzacyjnego, zaplecza serwisowego oraz\u00a0infrastruktury komunikacyjnej. Wykszta\u0142cony w\u00a0tym kierunku przysz\u0142y in\u017cynier ma podstawy do\u00a0projektowania, wdra\u017cania nowych, coraz bardziej skomplikowanych konstrukcji pojazd\u00f3w, urz\u0105dze\u0144 mechatronicznych i\u00a0zespo\u0142\u00f3w nap\u0119dowych z\u00a0nowoczesnymi silnikami spalinowymi oraz\u00a0hybrydowymi i\u00a0elektrycznymi \u017ar\u00f3d\u0142ami nap\u0119du pojazd\u00f3w, obs\u0142ugi istniej\u0105cych i\u00a0nowo wprowadzanych na\u00a0rynek, nowatorskich rozwi\u0105za\u0144 \u015brodk\u00f3w transportu indywidualnego i\u00a0zbiorowego oraz\u00a0transportu towar\u00f3w, a\u00a0tak\u017ce obs\u0142ugi i\u00a0diagnozowania system\u00f3w pojazd\u00f3w odpowiedzialnych za\u00a0bezpiecze\u0144stwo ruchu drogowego i\u00a0bezpiecze\u0144stwo ekologiczne. Kierunek studi\u00f3w Pojazdy Samochodowe obejmuje obszar wiedzy, kt\u00f3ry\u00a0jest realizowany w\u00a0Politechnice Krakowskiej od\u00a0pocz\u0105tku powstania Uczelni, jest on powszechnie rozpoznawalny i\u00a0wpisa\u0142 si\u0119 ju\u017c w\u00a0tradycje akademickie naszego kraju.<\/p>\n\n\n\n<ul class=\"wp-block-list\">\n<li><strong>\u015aRODKI TRANSPORTU I LOGISTYKA<\/strong><\/li>\n<\/ul>\n\n\n\n<p>Patronem kierunku jest SIEMENS Mobility.<br>Przekazujemy wiedz\u0119 m.in. z dziedziny eksploatacji, budowy, projektowania, niezawodno\u015bci oraz zarz\u0105dzania bezpiecze\u0144stwem \u015brodk\u00f3w transportu oraz system\u00f3w logistycznych i spedycji. Studiuj\u0105c na naszym kierunku nauczysz si\u0119 r\u00f3wnie\u017c nowoczesnych technik komputerowego wspomagania prac in\u017cynierskich, kszta\u0142towania system\u00f3w i technologii transportowych oraz organizacji proces\u00f3w u\u017cytkowania i obs\u0142ugi technicznej pojazd\u00f3w l\u0105dowych i urz\u0105dze\u0144 transportowych. Tylko na tym kierunku prowadzona jest specjalno\u015b\u0107 w systemie dualnym, czyli przy \u015bcis\u0142ej wsp\u00f3\u0142pracy nauki z przemys\u0142em. Studenci tego kierunku korzystaj\u0105 z nowoczesnej bazy laboratoryjnej w tym pierwszego polskiego symulatora tramwaju.<\/p>\n\n\n\n<div class=\"wp-block-uagb-image aligncenter uagb-block-ef3d3355 wp-block-uagb-image--layout-default wp-block-uagb-image--effect-static wp-block-uagb-image--align-center\"><figure class=\"wp-block-uagb-image__figure\"><img decoding=\"async\" srcset=\"https:\/\/iro.pk.edu.pl\/wp-content\/uploads\/2023\/06\/loga-wydzialowe-7.svg \" sizes=\"auto, (max-width: 480px) 150px\" src=\"https:\/\/iro.pk.edu.pl\/wp-content\/uploads\/2023\/06\/loga-wydzialowe-7.svg\" alt=\"\" class=\"uag-image-1062\" width=\"85\" height=\"84\" title=\"\" loading=\"lazy\" role=\"img\"><\/figure><\/div>\n\n<\/div>\n\t\t<\/div>\n\n<div class=\"wp-block-ub-content-toggle-accordion\" style=\"border-color: #f1f1f1; \" id=\"ub-content-toggle-panel-block-\">\n\t\t\t<div class=\"wp-block-ub-content-toggle-accordion-title-wrap\" style=\"background-color: #f1f1f1;\" aria-controls=\"ub-content-toggle-panel-8-0d98bad0-15cd-4e65-bfbf-118e2c6491d1\" tabindex=\"0\">\n\t\t\t<p class=\"wp-block-ub-content-toggle-accordion-title ub-content-toggle-title-0d98bad0-15cd-4e65-bfbf-118e2c6491d1\" style=\"color: #000000; \">Mi\u0119dzywydzia\u0142owa Oferta Dydaktyczna<\/p>\n\t\t\t<div class=\"wp-block-ub-content-toggle-accordion-toggle-wrap right\" style=\"color: #000000;\"><span class=\"wp-block-ub-content-toggle-accordion-state-indicator wp-block-ub-chevron-down\"><\/span><\/div>\n\t\t<\/div>\n\t\t\t<div role=\"region\" aria-expanded=\"false\" class=\"wp-block-ub-content-toggle-accordion-content-wrap ub-hide\" id=\"ub-content-toggle-panel-8-0d98bad0-15cd-4e65-bfbf-118e2c6491d1\">\n\n<figure class=\"wp-block-table\"><table><thead><tr><th>Studia stacjonarne<\/th><th>Studia niestacjonarne<\/th><\/tr><\/thead><tbody><tr><td>Gospodarka przestrzenna &#8211; specjalno\u015bci: planowanie przestrzenne i gospodarka komunalna, urbanistyka i transport &#8211; studia II stopnia 1,5-roczne<\/td><td>&#8211;<\/td><\/tr><\/tbody><\/table><\/figure>\n\n\n\n<ul class=\"wp-block-list\">\n<li><strong>GOSPODARKA PRZESTRZENNA<\/strong><\/li>\n<\/ul>\n\n\n\n<p>W\u00a0Europie i\u00a0krajach rozwini\u0119tych rozpocz\u0105\u0142 si\u0119 rozw\u00f3j tzw. inteligentnych miast (ang. S<em>mart Cities<\/em>) powoduj\u0105cy zapotrzebowanie na\u00a0in\u017cynier\u00f3w posiadaj\u0105cych specyficzny zestaw kompetencji techniczno-planistycznych. Powinni oni swobodnie pos\u0142ugiwa\u0107 si\u0119 nowoczesnymi technikami i\u00a0narz\u0119dziami oraz\u00a0niekonwencjonalnymi technologiami podnoszenia jako\u015bci \u017cycia, efektywnie pracowa\u0107 w\u00a0interdyscyplinarnych zespo\u0142ach i\u00a0integrowa\u0107 lokalne spo\u0142eczno\u015bci wok\u00f3\u0142 rozwi\u0105zywania problem\u00f3w.<br>W\u0142a\u015bnie takich specjalist\u00f3w, swobodnie poruszaj\u0105cych si\u0119 w\u00a0bardzo rozleg\u0142ym obszarze dzia\u0142alno\u015bci in\u017cynierskiej, kszta\u0142ci Politechnika Krakowska na\u00a0mi\u0119dzywydzia\u0142owym kierunku Gospodarka Przestrzenna\u2013 utworzonym dzi\u0119ki wsp\u00f3\u0142pracy trzech wydzia\u0142\u00f3w: Architektury, In\u017cynierii L\u0105dowej oraz\u00a0In\u017cynierii \u015arodowiska i\u00a0Energetyki.<br>S\u0105 to\u00a0studia skierowane do\u00a0os\u00f3b ambitnych, z\u00a0wyobra\u017ani\u0105 przestrzenn\u0105, chc\u0105cych w\u00a0przysz\u0142o\u015bci wsp\u00f3\u0142kreowa\u0107 otoczenie w\u00a0kt\u00f3rym\u00a0\u017cyjemy, wsp\u00f3\u0142tworzy\u0107 miasta i\u00a0aglomeracje.<\/p>\n\n<\/div>\n\t\t<\/div>\n<\/div>\n\n\n<figure class=\"wp-block-image aligncenter size-full is-resized\"><img decoding=\"async\" src=\"https:\/\/iro.pk.edu.pl\/wp-content\/uploads\/2023\/08\/rodentia-icons_flag-gb.png\" alt=\"\" style=\"width:125px;height:81px\"\/><\/figure>\n\n\n\n<p>OFERTA STUDI\u00d3W II STOPNIA W J\u0118ZYKU ANGIELSKIM<\/p>\n\n\n<div class=\"wp-block-ub-content-toggle wp-block-ub-content-toggle-block\" id=\"ub-content-toggle-block-93ff6ff0-6da6-4680-977a-75023d7ac35d\" data-mobilecollapse=\"false\" data-desktopcollapse=\"true\" data-preventcollapse=\"false\" data-showonlyone=\"false\">\n<div class=\"wp-block-ub-content-toggle-accordion\" style=\"border-color: #f1f1f1; \" id=\"ub-content-toggle-panel-block-\">\n\t\t\t<div class=\"wp-block-ub-content-toggle-accordion-title-wrap\" style=\"background-color: #f1f1f1;\" aria-controls=\"ub-content-toggle-panel-0-93ff6ff0-6da6-4680-977a-75023d7ac35d\" tabindex=\"0\">\n\t\t\t<p class=\"wp-block-ub-content-toggle-accordion-title ub-content-toggle-title-93ff6ff0-6da6-4680-977a-75023d7ac35d\" style=\"color: #000000; \">Faculty of Architecture<\/p>\n\t\t\t<div class=\"wp-block-ub-content-toggle-accordion-toggle-wrap right\" style=\"color: #000000;\"><span class=\"wp-block-ub-content-toggle-accordion-state-indicator wp-block-ub-chevron-down\"><\/span><\/div>\n\t\t<\/div>\n\t\t\t<div role=\"region\" aria-expanded=\"false\" class=\"wp-block-ub-content-toggle-accordion-content-wrap ub-hide\" id=\"ub-content-toggle-panel-0-93ff6ff0-6da6-4680-977a-75023d7ac35d\">\n\n<p class=\"has-ast-global-color-5-background-color has-background\" style=\"border-width:1px\">Candidates applying for the Master\u2019s program in Architecture are <strong><mark style=\"background-color:rgba(0, 0, 0, 0);color:#cf2e2e\" class=\"has-inline-color\">required to hold a Bachelor\u2019s degree in Architecture<\/mark><\/strong>.<\/p>\n\n\n\n<figure class=\"wp-block-table\"><table><thead><tr><th>Full-time programme<\/th><\/tr><\/thead><tbody><tr><td>Architecture &#8211; no specialty &#8211; 2 years programme<\/td><\/tr><\/tbody><\/table><\/figure>\n\n\n\n<ul class=\"wp-block-list\">\n<li><strong>ARCHITECTURE<\/strong>\u00a0&#8211; accredited by the\u00a0<em>Royal Institute of British Architects<\/em>\u00a0(RIBA) and\u00a0the\u00a0<em>European Network for Accreditation of Engineering Education<\/em><\/li>\n<\/ul>\n\n\n\n<p>ECTS credits: 120<br>Tuition fee: 2500EUR\/semester<br>Application fee: 35EUR<br>Intake: 1st May- 31st July<\/p>\n\n\n\n<p>The offer of these studies is meant for students with bachelor\u2019s degree in Architecture and prepares them for professional practice as architects. The programme of studies is exactly the same as the curriculum in Polish which is a professional degree programme accredited by The Polish Accreditation Committee, The Accreditation Commission for Polish Universities of Technology, the EU evaluation as well as The Royal Institute of British Architects (RIBA) evaluation. The programme of studies lasts for three semesters. The total number of ECTS credits is 90 (30 per semester). The total number of hours is 900 plus 150 for Internships after the 1st semester (1st semester: 405h +150h; 2nd semester: 390h, 3rd semester: 75h).<br>The Master of Architecture programme of studies focuses on a wide range of issues directly affecting contemporary architecture and urban design:<\/p>\n\n\n\n<ul class=\"wp-block-list\">\n<li>Architectural and urban design in the fields of multifamily housing and public use buildings,<\/li>\n\n\n\n<li>Spatial and regional planning,<\/li>\n\n\n\n<li>Preservation of monuments and revalorization of urban complexes with design for conservation,<\/li>\n\n\n\n<li>Landscape architecture, architecture and planning in the countryside,<\/li>\n\n\n\n<li>Building construction systems and building structures,<\/li>\n\n\n\n<li>Theory of architecture and urban design as well as spatial and regional planning,<\/li>\n\n\n\n<li>History of art, culture and contemporary urban design,<\/li>\n\n\n\n<li>Ecology and environmental protection. Design, history, theory and building structure technology are taught to prepare students for professional registration as architects in the European Union.<\/li>\n<\/ul>\n\n\n\n<p>Admission requirements: BA in Architecture, portfolio<\/p>\n\n\n\n<p><strong>Programme coordinator<\/strong>: dr hab. in\u017c. arch. Anna Franta, prof. PK, email:\u00a0<a href=\"mailto:anna.franta@pk.edu.pl\">anna.franta@pk.edu.pl<\/a><\/p>\n\n\n\n<p><a href=\"https:\/\/iro.pk.edu.pl\/wp-content\/uploads\/2023\/04\/MA_Modules_2020_21-1.pdf\" target=\"_blank\" rel=\"noreferrer noopener\"><strong>DETAILED PROGRAMME OF STUDIES<\/strong><\/a><\/p>\n\n\n\n<div class=\"wp-block-uagb-image aligncenter uagb-block-6d275491 wp-block-uagb-image--layout-default wp-block-uagb-image--effect-static wp-block-uagb-image--align-center\"><figure class=\"wp-block-uagb-image__figure\"><img decoding=\"async\" srcset=\"https:\/\/iro.pk.edu.pl\/wp-content\/uploads\/2023\/06\/loga-wydzialowe.svg \" sizes=\"auto, (max-width: 480px) 150px\" src=\"https:\/\/iro.pk.edu.pl\/wp-content\/uploads\/2023\/06\/loga-wydzialowe.svg\" alt=\"\" class=\"uag-image-858\" width=\"84\" height=\"84\" title=\"\" loading=\"lazy\" role=\"img\"><\/figure><\/div>\n\n<\/div>\n\t\t<\/div>\n\n<div class=\"wp-block-ub-content-toggle-accordion\" style=\"border-color: #f1f1f1; \" id=\"ub-content-toggle-panel-block-\">\n\t\t\t<div class=\"wp-block-ub-content-toggle-accordion-title-wrap\" style=\"background-color: #f1f1f1;\" aria-controls=\"ub-content-toggle-panel-1-93ff6ff0-6da6-4680-977a-75023d7ac35d\" tabindex=\"0\">\n\t\t\t<p class=\"wp-block-ub-content-toggle-accordion-title ub-content-toggle-title-93ff6ff0-6da6-4680-977a-75023d7ac35d\" style=\"color: #000000; \">Faculty of Civil Engineering<\/p>\n\t\t\t<div class=\"wp-block-ub-content-toggle-accordion-toggle-wrap right\" style=\"color: #000000;\"><span class=\"wp-block-ub-content-toggle-accordion-state-indicator wp-block-ub-chevron-down\"><\/span><\/div>\n\t\t<\/div>\n\t\t\t<div role=\"region\" aria-expanded=\"false\" class=\"wp-block-ub-content-toggle-accordion-content-wrap ub-hide\" id=\"ub-content-toggle-panel-1-93ff6ff0-6da6-4680-977a-75023d7ac35d\">\n\n<figure class=\"wp-block-table\"><table><thead><tr><th>Full-time programme<\/th><th>Part-time programme<\/th><\/tr><\/thead><tbody><tr><td>Civil Engineering &#8211; specialty: structural design anf management in civil engineering &#8211; 1,5 years programme<\/td><td>&#8211;<\/td><\/tr><\/tbody><\/table><\/figure>\n\n\n\n<ul class=\"wp-block-list\">\n<li><strong>CIVIL ENGINEERING<\/strong>\u00a0&#8211; accredited by the\u00a0<em>European Network for Accreditation of Engineering Education<\/em><\/li>\n<\/ul>\n\n\n\n<p>ECTS credits: 90<br>Tuition fee: 1500EUR\/semester<br>Application fee: 20EUR<br>Intake: 15 October &#8211; 5 February<\/p>\n\n\n\n<p>The professional title of M.Sc. in Engineering is conferred upon the graduate. During the studies he expands the knowledge gained during the 1st cycle studies. This expanded knowledge constitutes the basis for creative professional activity, permanent education and acquiring practical competences in the broadly understood domain of Civil Engineering. The graduates are capable of understanding social, economic, legal and other conditions affecting the engineering activities. They are able to work in a team. The graduate is prepared to work in structural design offices, construction companies, own building enterprises, scientific research institutions and consulting companies, institutions of higher education, building supervision authorities as well as state and local government administration services. During the studies the graduate may complete a pedagogical study, which entitles him to teach in vocational schools. The graduate obtains the basis for applying, after meeting the statutory requirements, for building qualifications to perform independent functions in construction industry.<\/p>\n\n\n\n<p>Admission requirements: BSc in Civil Engineering with high GPA, confirmation of Eurocodes knowledge.<\/p>\n\n\n\n<p><strong>Programme coordinator<\/strong>: prof. Dorota Jasi\u0144ska<\/p>\n\n\n\n<p><a href=\"https:\/\/wil.pk.edu.pl\/downloads\/docs\/new_promo2021.mp4\" target=\"_blank\" rel=\"noreferrer noopener\"><strong>PROMO VIDEO<\/strong><\/a><\/p>\n\n\n\n<p><a href=\"https:\/\/syllabus.pk.edu.pl\/plan\/show\/html.pk?id=3812\" target=\"_blank\" rel=\"noreferrer noopener\"><strong>DETAILED PROGRAMME OF STUDIES STRUCTURAL DESIGN PROFILE<\/strong><\/a><\/p>\n\n\n\n<p><a href=\"https:\/\/syllabus.pk.edu.pl\/plan\/show\/html.pk?id=3813\" target=\"_blank\" rel=\"noreferrer noopener\"><strong>DETAILED PROGRAMME OF STUDIES CONSTRUCTION TECHNOLOGY AND MANAGEMENT PROFILE<\/strong><\/a><\/p>\n\n\n\n<div class=\"wp-block-uagb-image aligncenter uagb-block-93d9b3f1 wp-block-uagb-image--layout-default wp-block-uagb-image--effect-static wp-block-uagb-image--align-center\"><figure class=\"wp-block-uagb-image__figure\"><img decoding=\"async\" srcset=\"https:\/\/iro.pk.edu.pl\/wp-content\/uploads\/2023\/06\/loga-wydzialowe-3.svg \" sizes=\"auto, (max-width: 480px) 150px\" src=\"https:\/\/iro.pk.edu.pl\/wp-content\/uploads\/2023\/06\/loga-wydzialowe-3.svg\" alt=\"\" class=\"uag-image-1044\" width=\"84\" height=\"84\" title=\"\" loading=\"lazy\" role=\"img\"><\/figure><\/div>\n\n<\/div>\n\t\t<\/div>\n\n<div class=\"wp-block-ub-content-toggle-accordion\" style=\"border-color: #f1f1f1; \" id=\"ub-content-toggle-panel-block-\">\n\t\t\t<div class=\"wp-block-ub-content-toggle-accordion-title-wrap\" style=\"background-color: #f1f1f1;\" aria-controls=\"ub-content-toggle-panel-2-93ff6ff0-6da6-4680-977a-75023d7ac35d\" tabindex=\"0\">\n\t\t\t<p class=\"wp-block-ub-content-toggle-accordion-title ub-content-toggle-title-93ff6ff0-6da6-4680-977a-75023d7ac35d\" style=\"color: #000000; \">Faculty of Materials Engineering and Physics<\/p>\n\t\t\t<div class=\"wp-block-ub-content-toggle-accordion-toggle-wrap right\" style=\"color: #000000;\"><span class=\"wp-block-ub-content-toggle-accordion-state-indicator wp-block-ub-chevron-down\"><\/span><\/div>\n\t\t<\/div>\n\t\t\t<div role=\"region\" aria-expanded=\"false\" class=\"wp-block-ub-content-toggle-accordion-content-wrap ub-hide\" id=\"ub-content-toggle-panel-2-93ff6ff0-6da6-4680-977a-75023d7ac35d\">\n\n<figure class=\"wp-block-table\"><table><thead><tr><th>Full-time programme<\/th><th>Part-time programme<\/th><\/tr><\/thead><tbody><tr><td>Applied physics &#8211; specialty: computer modelling &#8211; 1,5 years programme<\/td><td>&#8211;<\/td><\/tr><\/tbody><\/table><\/figure>\n\n\n\n<ul class=\"wp-block-list\">\n<li><strong>APPLIED PHYSICS<\/strong><\/li>\n<\/ul>\n\n\n\n<p>ECTS credits: 90<br>Tuition fee: 1500EUR\/semester<br>Application fee: 20EUR<br>Intake: 15 October &#8211; 5 February<\/p>\n\n\n\n<p>Studies at this program with the specialization in Computer Modeling are designed to ensure master\u2019s degree graduates with a strong basis to efficiently use the tools of mathematics, physics and computer science.<br>The graduate will acquire the knowledge and skills in the area of modeling physical, technological, economical, biological and other processes.<br>The competences obtained during studies:<\/p>\n\n\n\n<ul class=\"wp-block-list\">\n<li>modeling natural phenomena in science and technology with use of advanced computer applications;<\/li>\n\n\n\n<li>basics of symbolic computations, computer graphics and visualization;<\/li>\n\n\n\n<li>computer-controlled measurement stations in research and industry;<\/li>\n\n\n\n<li>modern information technologies in physics, technology and business: object and mobile programming techniques, algorithms and computational methods in the optimization tasks and engineering calculations;<\/li>\n\n\n\n<li>techniques of modern measurement systems in science, medicine, industry and everyday life;<\/li>\n\n\n\n<li>physics as the foundation of other sciences, problems of modern physics, including those defining its interdisciplinary character as a science.<\/li>\n<\/ul>\n\n\n\n<p>Upon completing the degree the graduate is prepared for PhD studies or embark on professional career in science, industry or finance. Graduate is\u00a0 ready to employ in research laboratories,\u00a0 become a programmer, software tester, computer network administrator, web or computer graphic designer, data analysts etc.\u00a0 Physics training is desired by banks and other financial institutions (quanta).<\/p>\n\n\n\n<p>Admission requirements: BSc in Physics, Applied Physics or in another field (i.e. mathematics, natural science or technical studies). High GPA earned during BSc studies. If graduates of faculties other than Physics or Technical, the Faculty&#8217;s Recruitment Commission assesses, based on the Diploma Supplement (or index), the candidate&#8217;s implementation of program content (60% of the number of hours of basic and directional subjects) allowing to obtain the results of education appropriate for the first degree studies conducted in the field of technical physics.<\/p>\n\n\n\n<p><a href=\"https:\/\/iro.pk.edu.pl\/wp-content\/uploads\/2023\/04\/siatki-Computer-modeling-1-1.pdf\" target=\"_blank\" rel=\"noreferrer noopener\"><strong>DETAILED PROGRAMME OF STUDIES<\/strong><\/a><\/p>\n\n\n\n<div class=\"wp-block-uagb-image aligncenter uagb-block-b0fdd9a1 wp-block-uagb-image--layout-default wp-block-uagb-image--effect-static wp-block-uagb-image--align-center\"><figure class=\"wp-block-uagb-image__figure\"><img decoding=\"async\" srcset=\"https:\/\/iro.pk.edu.pl\/wp-content\/uploads\/2023\/06\/loga-wydzialowe-4.svg \" sizes=\"auto, (max-width: 480px) 150px\" src=\"https:\/\/iro.pk.edu.pl\/wp-content\/uploads\/2023\/06\/loga-wydzialowe-4.svg\" alt=\"\" class=\"uag-image-1038\" width=\"85\" height=\"84\" title=\"\" loading=\"lazy\" role=\"img\"><\/figure><\/div>\n\n<\/div>\n\t\t<\/div>\n\n<div class=\"wp-block-ub-content-toggle-accordion\" style=\"border-color: #f1f1f1; \" id=\"ub-content-toggle-panel-block-\">\n\t\t\t<div class=\"wp-block-ub-content-toggle-accordion-title-wrap\" style=\"background-color: #f1f1f1;\" aria-controls=\"ub-content-toggle-panel-3-93ff6ff0-6da6-4680-977a-75023d7ac35d\" tabindex=\"0\">\n\t\t\t<p class=\"wp-block-ub-content-toggle-accordion-title ub-content-toggle-title-93ff6ff0-6da6-4680-977a-75023d7ac35d\" style=\"color: #000000; \">Faculty of Environmental Engineering and Energy<\/p>\n\t\t\t<div class=\"wp-block-ub-content-toggle-accordion-toggle-wrap right\" style=\"color: #000000;\"><span class=\"wp-block-ub-content-toggle-accordion-state-indicator wp-block-ub-chevron-down\"><\/span><\/div>\n\t\t<\/div>\n\t\t\t<div role=\"region\" aria-expanded=\"false\" class=\"wp-block-ub-content-toggle-accordion-content-wrap ub-hide\" id=\"ub-content-toggle-panel-3-93ff6ff0-6da6-4680-977a-75023d7ac35d\">\n\n<figure class=\"wp-block-table\"><table><thead><tr><th>Full-time programme<\/th><th>Part-time programme<\/th><\/tr><\/thead><tbody><tr><td>Energy engineering &#8211; specialty: energy systems and machinery &#8211; 1,5 years programme<\/td><td>&#8211;<\/td><\/tr><tr><td>Environmental and land engineering &#8211; no specialty &#8211; 1,5 years programme<\/td><td>&#8211;<\/td><\/tr><\/tbody><\/table><\/figure>\n\n\n\n<ul class=\"wp-block-list\">\n<li><strong>ENERGY ENGINEERING<\/strong><\/li>\n<\/ul>\n\n\n\n<p>ECTS credits: 90<br>Tuition fee: 1650EUR\/semester<br>Application fee: 20EUR<br>Intake: 15 October &#8211; 5 February<\/p>\n\n\n\n<p>The course consists of three semesters. At the first semester the basic subjects are included (e.g. Heat Transfer, Fluid Mechanics, Power Plant Technology and Numerical Methods among others). The second semester is dedicated to the Directional Subjects (e.g. Computational Structural Analysis, Computational Fluid Dynamics) and specialization subjects depending on the selected module. The classes are conducted by researchers from Poland and world recognized foreign lecturers. The study program is tailored to the market needs and taking into account modern scientific trends including: design of energy systems, experimental investigation of energy systems, mathematical modeling of energy systems, and the application of modern computer techniques (e.g. Computational Fluid Dynamics, Finite Element Method) for energy systems analysis and design.<br>The course consists of two modules:<\/p>\n\n\n\n<ul class=\"wp-block-list\">\n<li>Energy Systems, which is dedicated to conventional power plants and systems<\/li>\n\n\n\n<li>Renewable Energy which is dedicated to heating systems and renewable energy technologies<\/li>\n<\/ul>\n\n\n\n<p>Admission requirements: completion of first cycle (BSc) program in Mechanical \/ Power Engineering, equivalent to 210 ECTS credits, at the level of not less than 60% of maximum grade points in each credited course. High GPA earned during first-cycle (BSc) studies<\/p>\n\n\n\n<p><strong>Programme coordinator<\/strong>: prof. Pawe\u0142 Oc\u0142o\u0144<\/p>\n\n\n\n<p><a href=\"https:\/\/syllabus.pk.edu.pl\/plan\/show\/html.pk?id=3191\" target=\"_blank\" rel=\"noreferrer noopener\"><strong>DETAILED PROGRAMME OF STUDIES<\/strong><\/a><\/p>\n\n\n\n<ul class=\"wp-block-list\">\n<li><strong>ENVIRONMENTAL AND LAND ENGINEERING<\/strong><\/li>\n<\/ul>\n\n\n\n<p>ECTS credits: 90<br>Tuition fee: 1650EUR\/semester<br>Application fee: 20EUR<br>Intake: 15 October &#8211; 5 February<\/p>\n\n\n\n<p>This programme develops future engineers&#8217; interdisciplinary professional competences in the following areas:<\/p>\n\n\n\n<ul class=\"wp-block-list\">\n<li>the methods for assessment and protection of the aquatic environment, remediation of soil and protection of the atmosphere;<\/li>\n\n\n\n<li>the use of a variety of engineering tools for data analysis, process and system modeling, and geographic information systems;<\/li>\n\n\n\n<li>design and operation of building installations and water supply and sewage networks;<\/li>\n\n\n\n<li>technology and construction of devices for water and wastewater treatment;<\/li>\n\n\n\n<li>waste management and energy recovery from waste and renewable energy systems;<\/li>\n\n\n\n<li>designing, construction and operation of heating, cooling, air conditioning and ventilation installations and devices;<\/li>\n\n\n\n<li>assessment of geotechnical conditions and phenomena occurring between the building and the ground.<\/li>\n<\/ul>\n\n\n\n<p>The best students, after fulfilling certain conditions, have the opportunity to complete\u00a0<strong>the second and third semesters of studies at the Faculty of Engineering and Architecture at the Universit\u00e0 degli Studi di Cagliari<\/strong>\u00a0(Sardinia, Italy) and\u00a0<strong>obtain double diplomas\u00a0<\/strong>from Cracow University of Technology (Master of Environmental Engineering) and from Universit\u00e0 degli Studi di Cagliari (Master in Environmental and Land Engineering).<\/p>\n\n\n\n<p>Admission requirements: BSc in Environmental Engineering with high GPA.<\/p>\n\n\n\n<p><strong>Programme coordinator<\/strong>: dr in\u017c. Jaros\u0142aw\u00a0M\u00fcller<\/p>\n\n\n\n<p><a href=\"https:\/\/iro.pk.edu.pl\/wp-content\/uploads\/2018\/09\/Kopia-2018_2019-Environmental-and-land-engineering-sem.-letni-2019-stacjonarne.pdf\" target=\"_blank\" rel=\"noreferrer noopener\"><strong>DETAILED PROGRAMME OF STUDIES<\/strong><\/a><\/p>\n\n\n\n<div class=\"wp-block-uagb-image aligncenter uagb-block-ef767fb8 wp-block-uagb-image--layout-default wp-block-uagb-image--effect-static wp-block-uagb-image--align-center\"><figure class=\"wp-block-uagb-image__figure\"><img decoding=\"async\" srcset=\"https:\/\/iro.pk.edu.pl\/wp-content\/uploads\/2023\/06\/loga-wydzialowe-5.svg \" sizes=\"auto, (max-width: 480px) 150px\" src=\"https:\/\/iro.pk.edu.pl\/wp-content\/uploads\/2023\/06\/loga-wydzialowe-5.svg\" alt=\"\" class=\"uag-image-1032\" width=\"85\" height=\"84\" title=\"\" loading=\"lazy\" role=\"img\"><\/figure><\/div>\n\n<\/div>\n\t\t<\/div>\n\n<div class=\"wp-block-ub-content-toggle-accordion\" style=\"border-color: #f1f1f1; \" id=\"ub-content-toggle-panel-block-\">\n\t\t\t<div class=\"wp-block-ub-content-toggle-accordion-title-wrap\" style=\"background-color: #f1f1f1;\" aria-controls=\"ub-content-toggle-panel-4-93ff6ff0-6da6-4680-977a-75023d7ac35d\" tabindex=\"0\">\n\t\t\t<p class=\"wp-block-ub-content-toggle-accordion-title ub-content-toggle-title-93ff6ff0-6da6-4680-977a-75023d7ac35d\" style=\"color: #000000; \">Faculty of Chemical Engineering and Technology<\/p>\n\t\t\t<div class=\"wp-block-ub-content-toggle-accordion-toggle-wrap right\" style=\"color: #000000;\"><span class=\"wp-block-ub-content-toggle-accordion-state-indicator wp-block-ub-chevron-down\"><\/span><\/div>\n\t\t<\/div>\n\t\t\t<div role=\"region\" aria-expanded=\"false\" class=\"wp-block-ub-content-toggle-accordion-content-wrap ub-hide\" id=\"ub-content-toggle-panel-4-93ff6ff0-6da6-4680-977a-75023d7ac35d\">\n\n<figure class=\"wp-block-table\"><table><thead><tr><th>Full-time programme<\/th><th>Part-time programme<\/th><\/tr><\/thead><tbody><tr><td>Chemical technology &#8211; specialty: innovative chemical technologies &#8211; 1,5 years programme<\/td><td>&#8211;<\/td><\/tr><\/tbody><\/table><\/figure>\n\n\n\n<ul class=\"wp-block-list\">\n<li><strong>CHEMICAL TECHNOLOGY<\/strong><\/li>\n<\/ul>\n\n\n\n<p>ECTS credits: 90<br>Tuition fee: 1500EUR\/semester<br>Application fee: 20EUR<br>Intake: 15 October &#8211; 5 February<\/p>\n\n\n\n<p>The Faculty of Chemical Engineering and Technology invites foreign students to enrol on 3 -semesters master studies in English for a major in\u00a0<em>Innovative<\/em>\u00a0<em>Chemical Technologies (ICT)<\/em>.<br>Major and specialization courses related to industrial catalysis, organic and inorganic technology, production of cosmetics and pharmaceuticals, modern biotechnologies and analytical methods in chemical technology will be carried out from the 2nd to the 3rd semester of the studies.<\/p>\n\n\n\n<p>Admission requirements: online test on Moodle platform and Bachelor degree in Chemistry, Chemical Engineering of chemistry-related discipline. Completion of a bachelor programme in Chemistry, Chemical Engineering or a chemistry- related discipline, equivalent to 210 ECTS credits, at the level of not less than 60% of maximum grade points in each credited course.<\/p>\n\n\n\n<p><strong>Programme coordinator<\/strong>: dr in\u017c. Piotr Sury\u0142o<\/p>\n\n\n\n<p><a href=\"https:\/\/iro.pk.edu.pl\/wp-content\/uploads\/2023\/04\/MSc-in-Innovative_Chemical_Technologies.pdf\" target=\"_blank\" rel=\"noreferrer noopener\"><strong>DETAILED PROGRAMME OF STUDIES<\/strong><\/a><\/p>\n\n\n\n<div class=\"wp-block-uagb-image aligncenter uagb-block-46833111 wp-block-uagb-image--layout-default wp-block-uagb-image--effect-static wp-block-uagb-image--align-center\"><figure class=\"wp-block-uagb-image__figure\"><img decoding=\"async\" srcset=\"https:\/\/iro.pk.edu.pl\/wp-content\/uploads\/2023\/06\/loga-wydzialowe-6.svg \" sizes=\"auto, (max-width: 480px) 150px\" src=\"https:\/\/iro.pk.edu.pl\/wp-content\/uploads\/2023\/06\/loga-wydzialowe-6.svg\" alt=\"\" class=\"uag-image-1068\" width=\"84\" height=\"84\" title=\"\" loading=\"lazy\" role=\"img\"><\/figure><\/div>\n\n<\/div>\n\t\t<\/div>\n\n<div class=\"wp-block-ub-content-toggle-accordion\" style=\"border-color: #f1f1f1; \" id=\"ub-content-toggle-panel-block-\">\n\t\t\t<div class=\"wp-block-ub-content-toggle-accordion-title-wrap\" style=\"background-color: #f1f1f1;\" aria-controls=\"ub-content-toggle-panel-5-93ff6ff0-6da6-4680-977a-75023d7ac35d\" tabindex=\"0\">\n\t\t\t<p class=\"wp-block-ub-content-toggle-accordion-title ub-content-toggle-title-93ff6ff0-6da6-4680-977a-75023d7ac35d\" style=\"color: #000000; \">Faculty of Mechanical Engineering<\/p>\n\t\t\t<div class=\"wp-block-ub-content-toggle-accordion-toggle-wrap right\" style=\"color: #000000;\"><span class=\"wp-block-ub-content-toggle-accordion-state-indicator wp-block-ub-chevron-down\"><\/span><\/div>\n\t\t<\/div>\n\t\t\t<div role=\"region\" aria-expanded=\"false\" class=\"wp-block-ub-content-toggle-accordion-content-wrap ub-hide\" id=\"ub-content-toggle-panel-5-93ff6ff0-6da6-4680-977a-75023d7ac35d\">\n\n<figure class=\"wp-block-table\"><table><thead><tr><th>Full-time programme<\/th><th>Part-time programme<\/th><\/tr><\/thead><tbody><tr><td>Mechanics and machine design &#8211; specialty: advanced computational mechanics &#8211; 1,5 years programme<\/td><td>&#8211;<\/td><\/tr><\/tbody><\/table><\/figure>\n\n\n\n<ul class=\"wp-block-list\">\n<li><strong>MECHANICS AND MACHINE DESIGN<\/strong><\/li>\n<\/ul>\n\n\n\n<p>ECTS credits: 90<br>Tuition fee: 1750EUR\/semester<br>Application fee: 20EUR<br>Intake: 15 October &#8211; 5 February<\/p>\n\n\n\n<p>Detailed programme of studies: Advanced Computational Mechanics (ACM) is addressed for students who want to increase their knowledge in mechanics and computer application in design of structures (CAD, FEM), material design (CAMD), material selection (CAMS), manufacturing (CAM) and monitoring of machines. Program of studies: Regular: Advanced mathematics (4 ECTS), Engineering mathematics II (2 ECTS), Solid state physics (2 ECTS), Continuum mechanics (2 ECTS), Analytical mechanics (2 ECTS), Numerical methods II (2 ECTS), Objectoriented programming (1 ECTS), Material science II (4 ECTS), Modern structural materials (2 ECTS), Advanced modeling of materials and structures (5 ECTS), Modeling in machine design (4 ECTS), Integrated processing systems (3 ECTS), Advanced FEM modeling (4 ECTS), Advanced strength of materials (2 ECTS), Dynamics of mechanical systems (2 ECTS), Experimental mechanics of solids (2 ECTS), Individual project (5 ECTS), Seminar (3 ECTS), Final project (20 ECTS). Computational fluid mechanics (2 ECTS),Computational thermodynamics and heat transfer (2 ECTS), Computational structural design (2 ECTS) Computational stability of structures (2 ECTS), Computational optimization of structures (2 ECTS), Computational vibro-acoustics (2 ECTS), Computational fluid mechanics (2 ECTS), Computational methods in automation control (2 ECTS), Computational mechatronics (2 ECTS), Continuum damage mechanics (1 ECTS), Advanced control of systems (1 ECTS), Intelligent structures (1 ECTS), Design of materials (1 ECTS), Optimal selection of materials (1 ECTS), Machine diagnostics (1 ECTS).<\/p>\n\n\n\n<p>Admission requirements: BSc in Mechanical Engineering with high GPA.<\/p>\n\n\n\n<p><strong>Programme coordinator<\/strong>: prof. Marek Kozie\u0144<\/p>\n\n\n\n<div class=\"wp-block-uagb-image aligncenter uagb-block-6274a80d wp-block-uagb-image--layout-default wp-block-uagb-image--effect-static wp-block-uagb-image--align-center\"><figure class=\"wp-block-uagb-image__figure\"><img decoding=\"async\" srcset=\"https:\/\/iro.pk.edu.pl\/wp-content\/uploads\/2023\/06\/loga-wydzialowe-7.svg \" sizes=\"auto, (max-width: 480px) 150px\" src=\"https:\/\/iro.pk.edu.pl\/wp-content\/uploads\/2023\/06\/loga-wydzialowe-7.svg\" alt=\"\" class=\"uag-image-1062\" width=\"85\" height=\"84\" title=\"\" loading=\"lazy\" role=\"img\"><\/figure><\/div>\n\n<\/div>\n\t\t<\/div>\n<\/div><\/div>\n\n\n\n<div class=\"wp-block-column is-layout-flow wp-block-column-is-layout-flow\" style=\"flex-basis:20%\"><\/div>\n<\/div>\n","protected":false},"excerpt":{"rendered":"<p>W razie szczeg\u00f3\u0142owych pyta\u0144 prosz\u0119 si\u0119 skontaktowa\u0107 z osob\u0105 odpowiedzialn\u0105 za rekrutacj\u0119 na poszczeg\u00f3lne wydzia\u0142y: [&hellip;]<\/p>\n","protected":false},"author":916,"featured_media":20068,"parent":13691,"menu_order":0,"comment_status":"closed","ping_status":"closed","template":"","meta":{"_acf_changed":false,"inline_featured_image":false,"_uag_custom_page_level_css":"","site-sidebar-layout":"default","site-content-layout":"","ast-site-content-layout":"default","site-content-style":"default","site-sidebar-style":"default","ast-global-header-display":"","ast-banner-title-visibility":"","ast-main-header-display":"","ast-hfb-above-header-display":"","ast-hfb-below-header-display":"","ast-hfb-mobile-header-display":"","site-post-title":"","ast-breadcrumbs-content":"","ast-featured-img":"","footer-sml-layout":"","ast-disable-related-posts":"","theme-transparent-header-meta":"","adv-header-id-meta":"","stick-header-meta":"","header-above-stick-meta":"","header-main-stick-meta":"","header-below-stick-meta":"","astra-migrate-meta-layouts":"set","ast-page-background-enabled":"default","ast-page-background-meta":{"desktop":{"background-color":"var(--ast-global-color-4)","background-image":"","background-repeat":"repeat","background-position":"center center","background-size":"auto","background-attachment":"scroll","background-type":"","background-media":"","overlay-type":"","overlay-color":"","overlay-opacity":"","overlay-gradient":""},"tablet":{"background-color":"","background-image":"","background-repeat":"repeat","background-position":"center center","background-size":"auto","background-attachment":"scroll","background-type":"","background-media":"","overlay-type":"","overlay-color":"","overlay-opacity":"","overlay-gradient":""},"mobile":{"background-color":"","background-image":"","background-repeat":"repeat","background-position":"center center","background-size":"auto","background-attachment":"scroll","background-type":"","background-media":"","overlay-type":"","overlay-color":"","overlay-opacity":"","overlay-gradient":""}},"ast-content-background-meta":{"desktop":{"background-color":"var(--ast-global-color-5)","background-image":"","background-repeat":"repeat","background-position":"center center","background-size":"auto","background-attachment":"scroll","background-type":"","background-media":"","overlay-type":"","overlay-color":"","overlay-opacity":"","overlay-gradient":""},"tablet":{"background-color":"var(--ast-global-color-5)","background-image":"","background-repeat":"repeat","background-position":"center center","background-size":"auto","background-attachment":"scroll","background-type":"","background-media":"","overlay-type":"","overlay-color":"","overlay-opacity":"","overlay-gradient":""},"mobile":{"background-color":"var(--ast-global-color-5)","background-image":"","background-repeat":"repeat","background-position":"center center","background-size":"auto","background-attachment":"scroll","background-type":"","background-media":"","overlay-type":"","overlay-color":"","overlay-opacity":"","overlay-gradient":""}},"footnotes":""},"class_list":["post-13400","page","type-page","status-publish","has-post-thumbnail","hentry"],"acf":[],"featured_image_src":"https:\/\/iro.pk.edu.pl\/wp-content\/uploads\/2024\/03\/niebieskie-tlo-symbol.png","uagb_featured_image_src":{"full":["https:\/\/iro.pk.edu.pl\/wp-content\/uploads\/2024\/03\/niebieskie-tlo-symbol.png",1200,675,false],"thumbnail":["https:\/\/iro.pk.edu.pl\/wp-content\/uploads\/2024\/03\/niebieskie-tlo-symbol-150x150.png",150,150,true],"medium":["https:\/\/iro.pk.edu.pl\/wp-content\/uploads\/2024\/03\/niebieskie-tlo-symbol-300x169.png",300,169,true],"medium_large":["https:\/\/iro.pk.edu.pl\/wp-content\/uploads\/2024\/03\/niebieskie-tlo-symbol-768x432.png",768,432,true],"large":["https:\/\/iro.pk.edu.pl\/wp-content\/uploads\/2024\/03\/niebieskie-tlo-symbol-1024x576.png",1024,576,true],"1536x1536":["https:\/\/iro.pk.edu.pl\/wp-content\/uploads\/2024\/03\/niebieskie-tlo-symbol.png",1200,675,false],"2048x2048":["https:\/\/iro.pk.edu.pl\/wp-content\/uploads\/2024\/03\/niebieskie-tlo-symbol.png",1200,675,false]},"uagb_author_info":{"display_name":"dkluczynski","author_link":"https:\/\/iro.pk.edu.pl\/pl\/author\/dkluczynski\/"},"uagb_comment_info":0,"uagb_excerpt":"W razie szczeg\u00f3\u0142owych pyta\u0144 prosz\u0119 si\u0119 skontaktowa\u0107 z osob\u0105 odpowiedzialn\u0105 za rekrutacj\u0119 na poszczeg\u00f3lne wydzia\u0142y: [&hellip;]","_links":{"self":[{"href":"https:\/\/iro.pk.edu.pl\/pl\/wp-json\/wp\/v2\/pages\/13400","targetHints":{"allow":["GET"]}}],"collection":[{"href":"https:\/\/iro.pk.edu.pl\/pl\/wp-json\/wp\/v2\/pages"}],"about":[{"href":"https:\/\/iro.pk.edu.pl\/pl\/wp-json\/wp\/v2\/types\/page"}],"author":[{"embeddable":true,"href":"https:\/\/iro.pk.edu.pl\/pl\/wp-json\/wp\/v2\/users\/916"}],"replies":[{"embeddable":true,"href":"https:\/\/iro.pk.edu.pl\/pl\/wp-json\/wp\/v2\/comments?post=13400"}],"version-history":[{"count":6,"href":"https:\/\/iro.pk.edu.pl\/pl\/wp-json\/wp\/v2\/pages\/13400\/revisions"}],"predecessor-version":[{"id":25310,"href":"https:\/\/iro.pk.edu.pl\/pl\/wp-json\/wp\/v2\/pages\/13400\/revisions\/25310"}],"up":[{"embeddable":true,"href":"https:\/\/iro.pk.edu.pl\/pl\/wp-json\/wp\/v2\/pages\/13691"}],"wp:featuredmedia":[{"embeddable":true,"href":"https:\/\/iro.pk.edu.pl\/pl\/wp-json\/wp\/v2\/media\/20068"}],"wp:attachment":[{"href":"https:\/\/iro.pk.edu.pl\/pl\/wp-json\/wp\/v2\/media?parent=13400"}],"curies":[{"name":"wp","href":"https:\/\/api.w.org\/{rel}","templated":true}]}}